{"id":397,"date":"2022-10-05T10:57:00","date_gmt":"2022-10-05T08:57:00","guid":{"rendered":"https:\/\/www.tvgrebin.de\/?page_id=397"},"modified":"2023-10-11T05:47:40","modified_gmt":"2023-10-11T03:47:40","slug":"1-herren-des-tvg","status":"publish","type":"page","link":"https:\/\/www.tvgrebin.de\/index.php\/1-herren-des-tvg\/","title":{"rendered":"Mannschaft des TVG"},"content":{"rendered":"\n<div class=\"wp-block-columns is-layout-flex wp-container-core-columns-is-layout-9d6595d7 wp-block-columns-is-layout-flex\">\n<div class=\"wp-block-column is-layout-flow wp-block-column-is-layout-flow\">\n<figure class=\"wp-block-image size-large\"><img loading=\"lazy\" decoding=\"async\" width=\"1024\" height=\"768\" src=\"https:\/\/www.tvgrebin.de\/wp-content\/uploads\/2022\/09\/IMG-20220313-WA0007-1024x768.jpg\" alt=\"\" class=\"wp-image-290\" srcset=\"https:\/\/www.tvgrebin.de\/wp-content\/uploads\/2022\/09\/IMG-20220313-WA0007-1024x768.jpg 1024w, https:\/\/www.tvgrebin.de\/wp-content\/uploads\/2022\/09\/IMG-20220313-WA0007-300x225.jpg 300w, https:\/\/www.tvgrebin.de\/wp-content\/uploads\/2022\/09\/IMG-20220313-WA0007-768x576.jpg 768w, https:\/\/www.tvgrebin.de\/wp-content\/uploads\/2022\/09\/IMG-20220313-WA0007-1536x1152.jpg 1536w, https:\/\/www.tvgrebin.de\/wp-content\/uploads\/2022\/09\/IMG-20220313-WA0007-339x254.jpg 339w, https:\/\/www.tvgrebin.de\/wp-content\/uploads\/2022\/09\/IMG-20220313-WA0007.jpg 1600w\" sizes=\"auto, (max-width: 1024px) 100vw, 1024px\" \/><\/figure>\n<\/div>\n<\/div>\n\n\n\n<div class=\"wp-block-columns is-layout-flex wp-container-core-columns-is-layout-9d6595d7 wp-block-columns-is-layout-flex\">\n<div class=\"wp-block-column is-layout-flow wp-block-column-is-layout-flow\">\n<p>Hier pr\u00e4sentiert sich der TV Grebin mit seinem Fu\u00dfballkader:<\/p>\n<p>von links hinten: Finn L\u00f6hndorf, Kevin Badberg (Trainer), Lukas Techau, Volkan Selcuk, Tobias Schmahl, Pascal Christmann, Lukas R. Eitz, Marc A. Schwarz, Marcel K\u00fchn ((Locke)Trainer)<\/p>\n<p>von links vorne: Bajram Bami, Dennis Krull, Nis Christophersen, Mohamed Bitar, Patrick Knolinski, Torben Plagmann und Hans Ch. Kreutz<\/p>\n<p>es fehlten: Kevin Behrend, Christoph Daniel, Michele Ehlers, Jan P Gamst, Falko Lemcke, Florian Petersen, Thomas Pieper, Lukas M Stork, Benjamin Muhs, Jannis Bock, Hakan Selcuk, Hinnerk Beth, Daniel Kr\u00fcgel, Philipp Z\u00fchlke, Justin M Voigt, Tjorven Ruppin Tjorven, Rober Kr\u00fcger, Benjamin Wildgrube, Felix Techau<\/p>\n<\/div>\n<\/div>\n\n\n<h1 style=\"text-align: center;\">Die Mannschaft<\/h1>\n\n\n<div class=\"wp-block-columns is-layout-flex wp-container-core-columns-is-layout-9d6595d7 wp-block-columns-is-layout-flex\">\n<div class=\"wp-block-column is-layout-flow wp-block-column-is-layout-flow\">\n<p class=\"has-x-large-font-size\"><strong>Die Torwarte<\/strong><\/p>\n<\/div>\n<\/div>\n\n\n\n<figure class=\"wp-block-gallery has-nested-images columns-default is-cropped wp-block-gallery-1 is-layout-flex wp-block-gallery-is-layout-flex\">\n<figure class=\"wp-block-image size-large\"><img loading=\"lazy\" decoding=\"async\" width=\"375\" height=\"500\" data-id=\"524\" src=\"https:\/\/www.tvgrebin.de\/wp-content\/uploads\/2022\/10\/Knolinski-1.jpg\" alt=\"\" class=\"wp-image-524\" srcset=\"https:\/\/www.tvgrebin.de\/wp-content\/uploads\/2022\/10\/Knolinski-1.jpg 375w, https:\/\/www.tvgrebin.de\/wp-content\/uploads\/2022\/10\/Knolinski-1-225x300.jpg 225w\" sizes=\"auto, (max-width: 375px) 100vw, 375px\" \/><figcaption class=\"wp-element-caption\"><strong>Patrick Knolinski<\/strong><\/figcaption><\/figure>\n\n\n\n<figure class=\"wp-block-image size-large\"><img loading=\"lazy\" decoding=\"async\" width=\"375\" height=\"500\" data-id=\"522\" src=\"https:\/\/www.tvgrebin.de\/wp-content\/uploads\/2022\/10\/Ehlers-1.jpg\" alt=\"\" class=\"wp-image-522\" srcset=\"https:\/\/www.tvgrebin.de\/wp-content\/uploads\/2022\/10\/Ehlers-1.jpg 375w, https:\/\/www.tvgrebin.de\/wp-content\/uploads\/2022\/10\/Ehlers-1-225x300.jpg 225w\" sizes=\"auto, (max-width: 375px) 100vw, 375px\" \/><figcaption class=\"wp-element-caption\"><strong>Michele Ehlers<\/strong><\/figcaption><\/figure>\n\n\n\n<figure class=\"wp-block-image size-large\"><img loading=\"lazy\" decoding=\"async\" width=\"375\" height=\"500\" data-id=\"523\" src=\"https:\/\/www.tvgrebin.de\/wp-content\/uploads\/2022\/10\/Wildgrube.jpg\" alt=\"\" class=\"wp-image-523\" srcset=\"https:\/\/www.tvgrebin.de\/wp-content\/uploads\/2022\/10\/Wildgrube.jpg 375w, https:\/\/www.tvgrebin.de\/wp-content\/uploads\/2022\/10\/Wildgrube-225x300.jpg 225w\" sizes=\"auto, (max-width: 375px) 100vw, 375px\" \/><figcaption class=\"wp-element-caption\"><strong>Benjamin Wildgrube<\/strong><\/figcaption><\/figure>\n<\/figure>\n\n\n\n<p class=\"has-x-large-font-size\"><strong>Die Abwehrspieler<\/strong><\/p>\n\n\n\n<figure class=\"wp-block-gallery has-nested-images columns-default is-cropped wp-block-gallery-2 is-layout-flex wp-block-gallery-is-layout-flex\">\n<figure class=\"wp-block-image size-large\"><img loading=\"lazy\" decoding=\"async\" width=\"375\" height=\"500\" data-id=\"533\" src=\"https:\/\/www.tvgrebin.de\/wp-content\/uploads\/2022\/10\/Stork.jpg\" alt=\"\" class=\"wp-image-533\" srcset=\"https:\/\/www.tvgrebin.de\/wp-content\/uploads\/2022\/10\/Stork.jpg 375w, https:\/\/www.tvgrebin.de\/wp-content\/uploads\/2022\/10\/Stork-225x300.jpg 225w\" sizes=\"auto, (max-width: 375px) 100vw, 375px\" \/><figcaption class=\"wp-element-caption\"><strong>Lukas Marvin Stork<\/strong><\/figcaption><\/figure>\n\n\n\n<figure class=\"wp-block-image size-large\"><img loading=\"lazy\" decoding=\"async\" width=\"375\" height=\"500\" data-id=\"526\" src=\"https:\/\/www.tvgrebin.de\/wp-content\/uploads\/2022\/10\/Christmann.jpg\" alt=\"\" class=\"wp-image-526\" srcset=\"https:\/\/www.tvgrebin.de\/wp-content\/uploads\/2022\/10\/Christmann.jpg 375w, https:\/\/www.tvgrebin.de\/wp-content\/uploads\/2022\/10\/Christmann-225x300.jpg 225w\" sizes=\"auto, (max-width: 375px) 100vw, 375px\" \/><figcaption class=\"wp-element-caption\"><strong>Pascal Christmann<\/strong><\/figcaption><\/figure>\n\n\n\n<figure class=\"wp-block-image size-large\"><img loading=\"lazy\" decoding=\"async\" width=\"375\" height=\"500\" data-id=\"529\" src=\"https:\/\/www.tvgrebin.de\/wp-content\/uploads\/2022\/10\/Jannis.jpg\" alt=\"\" class=\"wp-image-529\" srcset=\"https:\/\/www.tvgrebin.de\/wp-content\/uploads\/2022\/10\/Jannis.jpg 375w, https:\/\/www.tvgrebin.de\/wp-content\/uploads\/2022\/10\/Jannis-225x300.jpg 225w\" sizes=\"auto, (max-width: 375px) 100vw, 375px\" \/><figcaption class=\"wp-element-caption\"><strong>Jannis Bock<\/strong><\/figcaption><\/figure>\n\n\n\n<figure class=\"wp-block-image size-large\"><img loading=\"lazy\" decoding=\"async\" width=\"375\" height=\"500\" data-id=\"528\" src=\"https:\/\/www.tvgrebin.de\/wp-content\/uploads\/2022\/10\/Bitar.jpg\" alt=\"\" class=\"wp-image-528\" srcset=\"https:\/\/www.tvgrebin.de\/wp-content\/uploads\/2022\/10\/Bitar.jpg 375w, https:\/\/www.tvgrebin.de\/wp-content\/uploads\/2022\/10\/Bitar-225x300.jpg 225w\" sizes=\"auto, (max-width: 375px) 100vw, 375px\" \/><figcaption class=\"wp-element-caption\"><strong>Mohamed Bitar<\/strong><\/figcaption><\/figure>\n\n\n\n<figure class=\"wp-block-image size-large\"><img loading=\"lazy\" decoding=\"async\" width=\"375\" height=\"500\" data-id=\"531\" src=\"https:\/\/www.tvgrebin.de\/wp-content\/uploads\/2022\/10\/Loehndorf.jpg\" alt=\"\" class=\"wp-image-531\" srcset=\"https:\/\/www.tvgrebin.de\/wp-content\/uploads\/2022\/10\/Loehndorf.jpg 375w, https:\/\/www.tvgrebin.de\/wp-content\/uploads\/2022\/10\/Loehndorf-225x300.jpg 225w\" sizes=\"auto, (max-width: 375px) 100vw, 375px\" \/><figcaption class=\"wp-element-caption\"><strong>Finn L\u00f6hndorf<\/strong><\/figcaption><\/figure>\n\n\n\n<figure class=\"wp-block-image size-large\"><img loading=\"lazy\" decoding=\"async\" width=\"375\" height=\"500\" data-id=\"527\" src=\"https:\/\/www.tvgrebin.de\/wp-content\/uploads\/2022\/10\/Beth.jpg\" alt=\"\" class=\"wp-image-527\" srcset=\"https:\/\/www.tvgrebin.de\/wp-content\/uploads\/2022\/10\/Beth.jpg 375w, https:\/\/www.tvgrebin.de\/wp-content\/uploads\/2022\/10\/Beth-225x300.jpg 225w\" sizes=\"auto, (max-width: 375px) 100vw, 375px\" \/><figcaption class=\"wp-element-caption\"><strong>Hinnerk Beth<\/strong><\/figcaption><\/figure>\n\n\n\n<figure class=\"wp-block-image size-large\"><img loading=\"lazy\" decoding=\"async\" width=\"375\" height=\"500\" data-id=\"532\" src=\"https:\/\/www.tvgrebin.de\/wp-content\/uploads\/2022\/10\/Pieper.jpg\" alt=\"\" class=\"wp-image-532\" srcset=\"https:\/\/www.tvgrebin.de\/wp-content\/uploads\/2022\/10\/Pieper.jpg 375w, https:\/\/www.tvgrebin.de\/wp-content\/uploads\/2022\/10\/Pieper-225x300.jpg 225w\" sizes=\"auto, (max-width: 375px) 100vw, 375px\" \/><figcaption class=\"wp-element-caption\"><strong>Thomas Pieper<\/strong><\/figcaption><\/figure>\n\n\n\n<figure class=\"wp-block-image size-large\"><img loading=\"lazy\" decoding=\"async\" width=\"375\" height=\"500\" data-id=\"530\" src=\"https:\/\/www.tvgrebin.de\/wp-content\/uploads\/2022\/10\/Behrend.jpg\" alt=\"\" class=\"wp-image-530\" srcset=\"https:\/\/www.tvgrebin.de\/wp-content\/uploads\/2022\/10\/Behrend.jpg 375w, https:\/\/www.tvgrebin.de\/wp-content\/uploads\/2022\/10\/Behrend-225x300.jpg 225w\" sizes=\"auto, (max-width: 375px) 100vw, 375px\" \/><figcaption class=\"wp-element-caption\"><strong>Kevin Behrend<\/strong><\/figcaption><\/figure>\n<\/figure>\n\n\n\n<p class=\"has-x-large-font-size\"><strong>Die Mittelfeldspieler<\/strong><\/p>\n\n\n\n<figure class=\"wp-block-gallery has-nested-images columns-default is-cropped wp-block-gallery-3 is-layout-flex wp-block-gallery-is-layout-flex\">\n<figure class=\"wp-block-image size-large\"><img loading=\"lazy\" decoding=\"async\" width=\"375\" height=\"500\" data-id=\"540\" src=\"https:\/\/www.tvgrebin.de\/wp-content\/uploads\/2022\/10\/02B3RTKGCK000000VS5489B1VT5S3AJF.jpg\" alt=\"\" class=\"wp-image-540\" srcset=\"https:\/\/www.tvgrebin.de\/wp-content\/uploads\/2022\/10\/02B3RTKGCK000000VS5489B1VT5S3AJF.jpg 375w, https:\/\/www.tvgrebin.de\/wp-content\/uploads\/2022\/10\/02B3RTKGCK000000VS5489B1VT5S3AJF-225x300.jpg 225w\" sizes=\"auto, (max-width: 375px) 100vw, 375px\" \/><figcaption class=\"wp-element-caption\"><strong>Florian Petersen<\/strong><\/figcaption><\/figure>\n\n\n\n<figure class=\"wp-block-image size-large\"><img loading=\"lazy\" decoding=\"async\" width=\"375\" height=\"500\" data-id=\"538\" src=\"https:\/\/www.tvgrebin.de\/wp-content\/uploads\/2022\/10\/02B2I6VJLO000000VS5489B2VTQ9PU7I.jpg\" alt=\"\" class=\"wp-image-538\" srcset=\"https:\/\/www.tvgrebin.de\/wp-content\/uploads\/2022\/10\/02B2I6VJLO000000VS5489B2VTQ9PU7I.jpg 375w, https:\/\/www.tvgrebin.de\/wp-content\/uploads\/2022\/10\/02B2I6VJLO000000VS5489B2VTQ9PU7I-225x300.jpg 225w\" sizes=\"auto, (max-width: 375px) 100vw, 375px\" \/><figcaption class=\"wp-element-caption\"><strong>Nis Christophersen<\/strong><\/figcaption><\/figure>\n\n\n\n<figure class=\"wp-block-image size-large\"><img loading=\"lazy\" decoding=\"async\" width=\"375\" height=\"500\" data-id=\"539\" src=\"https:\/\/www.tvgrebin.de\/wp-content\/uploads\/2022\/10\/02B2IG21TO000000VS5489B2VTQ9PU7I.jpg\" alt=\"\" class=\"wp-image-539\" srcset=\"https:\/\/www.tvgrebin.de\/wp-content\/uploads\/2022\/10\/02B2IG21TO000000VS5489B2VTQ9PU7I.jpg 375w, https:\/\/www.tvgrebin.de\/wp-content\/uploads\/2022\/10\/02B2IG21TO000000VS5489B2VTQ9PU7I-225x300.jpg 225w\" sizes=\"auto, (max-width: 375px) 100vw, 375px\" \/><figcaption class=\"wp-element-caption\"><strong>Tobias Schmahl<\/strong><\/figcaption><\/figure>\n\n\n\n<figure class=\"wp-block-image size-large\"><img loading=\"lazy\" decoding=\"async\" width=\"375\" height=\"500\" data-id=\"536\" src=\"https:\/\/www.tvgrebin.de\/wp-content\/uploads\/2022\/10\/02DTU3VH1S000000VS5489B8VUN5UPK7.jpg\" alt=\"\" class=\"wp-image-536\" srcset=\"https:\/\/www.tvgrebin.de\/wp-content\/uploads\/2022\/10\/02DTU3VH1S000000VS5489B8VUN5UPK7.jpg 375w, https:\/\/www.tvgrebin.de\/wp-content\/uploads\/2022\/10\/02DTU3VH1S000000VS5489B8VUN5UPK7-225x300.jpg 225w\" sizes=\"auto, (max-width: 375px) 100vw, 375px\" \/><figcaption class=\"wp-element-caption\"><strong>Christoph Daniel<\/strong><\/figcaption><\/figure>\n\n\n\n<figure class=\"wp-block-image size-large\"><img loading=\"lazy\" decoding=\"async\" width=\"375\" height=\"500\" data-id=\"542\" src=\"https:\/\/www.tvgrebin.de\/wp-content\/uploads\/2022\/10\/02DTU97RH0000000VS5489B8VUN5UPK7.jpg\" alt=\"\" class=\"wp-image-542\" srcset=\"https:\/\/www.tvgrebin.de\/wp-content\/uploads\/2022\/10\/02DTU97RH0000000VS5489B8VUN5UPK7.jpg 375w, https:\/\/www.tvgrebin.de\/wp-content\/uploads\/2022\/10\/02DTU97RH0000000VS5489B8VUN5UPK7-225x300.jpg 225w\" sizes=\"auto, (max-width: 375px) 100vw, 375px\" \/><figcaption class=\"wp-element-caption\"><strong>Lukas Techau<\/strong><\/figcaption><\/figure>\n\n\n\n<figure class=\"wp-block-image size-large\"><img loading=\"lazy\" decoding=\"async\" width=\"375\" height=\"500\" data-id=\"545\" src=\"https:\/\/www.tvgrebin.de\/wp-content\/uploads\/2022\/10\/02G8J43768000000VS5489BCVTO4PITA.jpg\" alt=\"\" class=\"wp-image-545\" srcset=\"https:\/\/www.tvgrebin.de\/wp-content\/uploads\/2022\/10\/02G8J43768000000VS5489BCVTO4PITA.jpg 375w, https:\/\/www.tvgrebin.de\/wp-content\/uploads\/2022\/10\/02G8J43768000000VS5489BCVTO4PITA-225x300.jpg 225w\" sizes=\"auto, (max-width: 375px) 100vw, 375px\" \/><figcaption class=\"wp-element-caption\"><strong>Benjamin Muhs<\/strong><\/figcaption><\/figure>\n\n\n\n<figure class=\"wp-block-image size-large\"><img loading=\"lazy\" decoding=\"async\" width=\"375\" height=\"500\" data-id=\"550\" src=\"https:\/\/www.tvgrebin.de\/wp-content\/uploads\/2022\/10\/02I5FMV7F0000000VS5489BAVT7TIJML.jpg\" alt=\"\" class=\"wp-image-550\" srcset=\"https:\/\/www.tvgrebin.de\/wp-content\/uploads\/2022\/10\/02I5FMV7F0000000VS5489BAVT7TIJML.jpg 375w, https:\/\/www.tvgrebin.de\/wp-content\/uploads\/2022\/10\/02I5FMV7F0000000VS5489BAVT7TIJML-225x300.jpg 225w\" sizes=\"auto, (max-width: 375px) 100vw, 375px\" \/><figcaption class=\"wp-element-caption\"><strong>Tjorven Ruppin<\/strong><\/figcaption><\/figure>\n\n\n\n<figure class=\"wp-block-image size-large\"><img loading=\"lazy\" decoding=\"async\" width=\"375\" height=\"500\" data-id=\"544\" src=\"https:\/\/www.tvgrebin.de\/wp-content\/uploads\/2022\/10\/02DTU4NM94000000VS5489B8VUN5UPK7.jpg\" alt=\"\" class=\"wp-image-544\" srcset=\"https:\/\/www.tvgrebin.de\/wp-content\/uploads\/2022\/10\/02DTU4NM94000000VS5489B8VUN5UPK7.jpg 375w, https:\/\/www.tvgrebin.de\/wp-content\/uploads\/2022\/10\/02DTU4NM94000000VS5489B8VUN5UPK7-225x300.jpg 225w\" sizes=\"auto, (max-width: 375px) 100vw, 375px\" \/><figcaption class=\"wp-element-caption\"><strong>Jan Peter Gamst<\/strong><\/figcaption><\/figure>\n\n\n\n<figure class=\"wp-block-image size-large\"><img loading=\"lazy\" decoding=\"async\" width=\"375\" height=\"500\" data-id=\"546\" src=\"https:\/\/www.tvgrebin.de\/wp-content\/uploads\/2022\/10\/02G518DGAS000000VS5489BAVV025BMR.jpg\" alt=\"\" class=\"wp-image-546\" srcset=\"https:\/\/www.tvgrebin.de\/wp-content\/uploads\/2022\/10\/02G518DGAS000000VS5489BAVV025BMR.jpg 375w, https:\/\/www.tvgrebin.de\/wp-content\/uploads\/2022\/10\/02G518DGAS000000VS5489BAVV025BMR-225x300.jpg 225w\" sizes=\"auto, (max-width: 375px) 100vw, 375px\" \/><figcaption class=\"wp-element-caption\"><strong>Bajram Bami<\/strong><\/figcaption><\/figure>\n\n\n\n<figure class=\"wp-block-image size-large\"><img loading=\"lazy\" decoding=\"async\" width=\"375\" height=\"500\" data-id=\"541\" src=\"https:\/\/www.tvgrebin.de\/wp-content\/uploads\/2022\/10\/02B0UBF7UK000000VS5489BCVSQ7D3H3.jpg\" alt=\"\" class=\"wp-image-541\" srcset=\"https:\/\/www.tvgrebin.de\/wp-content\/uploads\/2022\/10\/02B0UBF7UK000000VS5489BCVSQ7D3H3.jpg 375w, https:\/\/www.tvgrebin.de\/wp-content\/uploads\/2022\/10\/02B0UBF7UK000000VS5489BCVSQ7D3H3-225x300.jpg 225w\" sizes=\"auto, (max-width: 375px) 100vw, 375px\" \/><figcaption class=\"wp-element-caption\"><strong>Felix Techau<\/strong><\/figcaption><\/figure>\n\n\n\n<figure class=\"wp-block-image size-large\"><img loading=\"lazy\" decoding=\"async\" width=\"375\" height=\"500\" data-id=\"543\" src=\"https:\/\/www.tvgrebin.de\/wp-content\/uploads\/2022\/10\/02G8UDEK8O000000VS5489B2VVAVO1EB.jpg\" alt=\"\" class=\"wp-image-543\" srcset=\"https:\/\/www.tvgrebin.de\/wp-content\/uploads\/2022\/10\/02G8UDEK8O000000VS5489B2VVAVO1EB.jpg 375w, https:\/\/www.tvgrebin.de\/wp-content\/uploads\/2022\/10\/02G8UDEK8O000000VS5489B2VVAVO1EB-225x300.jpg 225w\" sizes=\"auto, (max-width: 375px) 100vw, 375px\" \/><figcaption class=\"wp-element-caption\"><strong>Falko Lemcke<\/strong><\/figcaption><\/figure>\n\n\n\n<figure class=\"wp-block-image size-large\"><img loading=\"lazy\" decoding=\"async\" width=\"375\" height=\"500\" data-id=\"537\" src=\"https:\/\/www.tvgrebin.de\/wp-content\/uploads\/2022\/10\/02C40QO3P4000000VS5489B2VTS77D93.jpg\" alt=\"\" class=\"wp-image-537\" srcset=\"https:\/\/www.tvgrebin.de\/wp-content\/uploads\/2022\/10\/02C40QO3P4000000VS5489B2VTS77D93.jpg 375w, https:\/\/www.tvgrebin.de\/wp-content\/uploads\/2022\/10\/02C40QO3P4000000VS5489B2VTS77D93-225x300.jpg 225w\" sizes=\"auto, (max-width: 375px) 100vw, 375px\" \/><figcaption class=\"wp-element-caption\"><strong>David Siebrecht<\/strong><\/figcaption><\/figure>\n<\/figure>\n\n\n\n<p class=\"has-x-large-font-size\"><strong>Die St\u00fcrmer<\/strong><\/p>\n\n\n\n<figure class=\"wp-block-gallery has-nested-images columns-default is-cropped wp-block-gallery-4 is-layout-flex wp-block-gallery-is-layout-flex\">\n<figure class=\"wp-block-image size-large\"><img loading=\"lazy\" decoding=\"async\" width=\"375\" height=\"500\" data-id=\"556\" src=\"https:\/\/www.tvgrebin.de\/wp-content\/uploads\/2022\/10\/02DTU8EMNG000000VS5489B8VUN5UPK7.jpg\" alt=\"\" class=\"wp-image-556\" srcset=\"https:\/\/www.tvgrebin.de\/wp-content\/uploads\/2022\/10\/02DTU8EMNG000000VS5489B8VUN5UPK7.jpg 375w, https:\/\/www.tvgrebin.de\/wp-content\/uploads\/2022\/10\/02DTU8EMNG000000VS5489B8VUN5UPK7-225x300.jpg 225w\" sizes=\"auto, (max-width: 375px) 100vw, 375px\" \/><figcaption class=\"wp-element-caption\"><strong>Torben Plagman<\/strong><\/figcaption><\/figure>\n\n\n\n<figure class=\"wp-block-image size-large\"><img loading=\"lazy\" decoding=\"async\" width=\"375\" height=\"500\" data-id=\"559\" src=\"https:\/\/www.tvgrebin.de\/wp-content\/uploads\/2022\/10\/Marc-1.png\" alt=\"\" class=\"wp-image-559\" srcset=\"https:\/\/www.tvgrebin.de\/wp-content\/uploads\/2022\/10\/Marc-1.png 375w, https:\/\/www.tvgrebin.de\/wp-content\/uploads\/2022\/10\/Marc-1-225x300.png 225w\" sizes=\"auto, (max-width: 375px) 100vw, 375px\" \/><figcaption class=\"wp-element-caption\"><strong>Marc Andre Schwarz<\/strong><\/figcaption><\/figure>\n\n\n\n<figure class=\"wp-block-image size-full\"><img loading=\"lazy\" decoding=\"async\" width=\"375\" height=\"500\" data-id=\"560\" src=\"https:\/\/www.tvgrebin.de\/wp-content\/uploads\/2022\/10\/02DTU4CKB4000000VS5489B8VUN5UPK7.jpg\" alt=\"\" class=\"wp-image-560\" srcset=\"https:\/\/www.tvgrebin.de\/wp-content\/uploads\/2022\/10\/02DTU4CKB4000000VS5489B8VUN5UPK7.jpg 375w, https:\/\/www.tvgrebin.de\/wp-content\/uploads\/2022\/10\/02DTU4CKB4000000VS5489B8VUN5UPK7-225x300.jpg 225w\" sizes=\"auto, (max-width: 375px) 100vw, 375px\" \/><figcaption class=\"wp-element-caption\"><strong>Lukas Rene Eitz<\/strong><\/figcaption><\/figure>\n\n\n\n<figure class=\"wp-block-image size-large\"><img loading=\"lazy\" decoding=\"async\" width=\"375\" height=\"500\" data-id=\"552\" src=\"https:\/\/www.tvgrebin.de\/wp-content\/uploads\/2022\/10\/02BF3KLHH8000000VS5489B9VVV0BFSQ.jpg\" alt=\"\" class=\"wp-image-552\" srcset=\"https:\/\/www.tvgrebin.de\/wp-content\/uploads\/2022\/10\/02BF3KLHH8000000VS5489B9VVV0BFSQ.jpg 375w, https:\/\/www.tvgrebin.de\/wp-content\/uploads\/2022\/10\/02BF3KLHH8000000VS5489B9VVV0BFSQ-225x300.jpg 225w\" sizes=\"auto, (max-width: 375px) 100vw, 375px\" \/><figcaption class=\"wp-element-caption\"><strong>Robert Kr\u00fcger<\/strong><\/figcaption><\/figure>\n\n\n\n<figure class=\"wp-block-image size-large\"><img loading=\"lazy\" decoding=\"async\" width=\"375\" height=\"500\" data-id=\"551\" src=\"https:\/\/www.tvgrebin.de\/wp-content\/uploads\/2022\/10\/02G519SHBC000000VS5489BAVV025BMR.jpg\" alt=\"\" class=\"wp-image-551\" srcset=\"https:\/\/www.tvgrebin.de\/wp-content\/uploads\/2022\/10\/02G519SHBC000000VS5489BAVV025BMR.jpg 375w, https:\/\/www.tvgrebin.de\/wp-content\/uploads\/2022\/10\/02G519SHBC000000VS5489BAVV025BMR-225x300.jpg 225w\" sizes=\"auto, (max-width: 375px) 100vw, 375px\" \/><figcaption class=\"wp-element-caption\"><strong>Dennis Krull<\/strong><\/figcaption><\/figure>\n\n\n\n<figure class=\"wp-block-image size-large\"><img loading=\"lazy\" decoding=\"async\" width=\"375\" height=\"500\" data-id=\"553\" src=\"https:\/\/www.tvgrebin.de\/wp-content\/uploads\/2022\/10\/02G5180F1K000000VS5489BAVV025BMR.jpg\" alt=\"\" class=\"wp-image-553\" srcset=\"https:\/\/www.tvgrebin.de\/wp-content\/uploads\/2022\/10\/02G5180F1K000000VS5489BAVV025BMR.jpg 375w, https:\/\/www.tvgrebin.de\/wp-content\/uploads\/2022\/10\/02G5180F1K000000VS5489BAVV025BMR-225x300.jpg 225w\" sizes=\"auto, (max-width: 375px) 100vw, 375px\" \/><figcaption class=\"wp-element-caption\"><strong>Justin Michael Voigt<\/strong><\/figcaption><\/figure>\n\n\n\n<figure class=\"wp-block-image size-large\"><img loading=\"lazy\" decoding=\"async\" width=\"375\" height=\"500\" data-id=\"554\" src=\"https:\/\/www.tvgrebin.de\/wp-content\/uploads\/2022\/10\/02DTTVHIIS000000VS5489B8VUN5UPK7.jpg\" alt=\"\" class=\"wp-image-554\" srcset=\"https:\/\/www.tvgrebin.de\/wp-content\/uploads\/2022\/10\/02DTTVHIIS000000VS5489B8VUN5UPK7.jpg 375w, https:\/\/www.tvgrebin.de\/wp-content\/uploads\/2022\/10\/02DTTVHIIS000000VS5489B8VUN5UPK7-225x300.jpg 225w\" sizes=\"auto, (max-width: 375px) 100vw, 375px\" \/><figcaption class=\"wp-element-caption\"><strong>Jonny Kahmes<\/strong><\/figcaption><\/figure>\n\n\n\n<figure class=\"wp-block-image size-large\"><img loading=\"lazy\" decoding=\"async\" width=\"375\" height=\"500\" data-id=\"555\" src=\"https:\/\/www.tvgrebin.de\/wp-content\/uploads\/2022\/10\/02DTU7AGR8000000VS5489B8VUN5UPK7.jpg\" alt=\"\" class=\"wp-image-555\" srcset=\"https:\/\/www.tvgrebin.de\/wp-content\/uploads\/2022\/10\/02DTU7AGR8000000VS5489B8VUN5UPK7.jpg 375w, https:\/\/www.tvgrebin.de\/wp-content\/uploads\/2022\/10\/02DTU7AGR8000000VS5489B8VUN5UPK7-225x300.jpg 225w\" sizes=\"auto, (max-width: 375px) 100vw, 375px\" \/><figcaption class=\"wp-element-caption\"><strong>Hans-Christian Kreutz<\/strong><\/figcaption><\/figure>\n\n\n\n<figure class=\"wp-block-image size-large\"><img loading=\"lazy\" decoding=\"async\" width=\"375\" height=\"500\" data-id=\"557\" src=\"https:\/\/www.tvgrebin.de\/wp-content\/uploads\/2022\/10\/024BU08BNS000000VS54898GVU78KS9R.jpg\" alt=\"\" class=\"wp-image-557\" srcset=\"https:\/\/www.tvgrebin.de\/wp-content\/uploads\/2022\/10\/024BU08BNS000000VS54898GVU78KS9R.jpg 375w, https:\/\/www.tvgrebin.de\/wp-content\/uploads\/2022\/10\/024BU08BNS000000VS54898GVU78KS9R-225x300.jpg 225w\" sizes=\"auto, (max-width: 375px) 100vw, 375px\" \/><figcaption class=\"wp-element-caption\"><strong>Kevin Badberg<\/strong><\/figcaption><\/figure>\n<\/figure>\n\n\n\n<p>Standby<\/p>\n\n\n\n<figure class=\"wp-block-gallery has-nested-images columns-default is-cropped wp-block-gallery-5 is-layout-flex wp-block-gallery-is-layout-flex\"><\/figure>\n\n\n\n<div class=\"wp-block-columns is-layout-flex wp-container-core-columns-is-layout-9d6595d7 wp-block-columns-is-layout-flex\"><\/div>\n","protected":false},"excerpt":{"rendered":"<p>Hier pr\u00e4sentiert sich der TV Grebin mit seinem Fu\u00dfballkader: von links hinten: Finn L\u00f6hndorf, Kevin Badberg (Trainer), Lukas Techau, Volkan Selcuk, Tobias Schmahl, Pascal Christmann, Lukas R. Eitz, Marc A. Schwarz, Marcel K\u00fchn ((Locke)Trainer) von links vorne: Bajram Bami, Dennis Krull, Nis Christophersen, Mohamed Bitar, Patrick Knolinski, Torben Plagmann und Hans Ch. Kreutz es fehlten:<\/p>\n<div class=\"read-more\"><a href=\"https:\/\/www.tvgrebin.de\/index.php\/1-herren-des-tvg\/\" title=\"Read More\">Weiterlesen<i class=\"icon icon-angle-right\"><\/i><\/a><\/div>\n","protected":false},"author":3,"featured_media":0,"parent":0,"menu_order":0,"comment_status":"closed","ping_status":"closed","template":"","meta":{"footnotes":""},"class_list":["post-397","page","type-page","status-publish"],"yoast_head":"<!-- This site is optimized with the Yoast SEO plugin v27.5 - https:\/\/yoast.com\/product\/yoast-seo-wordpress\/ -->\n<title>Mannschaft des TVG - TV Grebin<\/title>\n<meta name=\"robots\" content=\"index, follow, max-snippet:-1, max-image-preview:large, max-video-preview:-1\" \/>\n<link rel=\"canonical\" href=\"https:\/\/www.tvgrebin.de\/index.php\/1-herren-des-tvg\/\" \/>\n<meta property=\"og:locale\" content=\"de_DE\" \/>\n<meta property=\"og:type\" content=\"article\" \/>\n<meta property=\"og:title\" content=\"Mannschaft des TVG - TV Grebin\" \/>\n<meta property=\"og:description\" content=\"Hier pr\u00e4sentiert sich der TV Grebin mit seinem Fu\u00dfballkader: von links hinten: Finn L\u00f6hndorf, Kevin Badberg (Trainer), Lukas Techau, Volkan Selcuk, Tobias Schmahl, Pascal Christmann, Lukas R. Eitz, Marc A. Schwarz, Marcel K\u00fchn ((Locke)Trainer) von links vorne: Bajram Bami, Dennis Krull, Nis Christophersen, Mohamed Bitar, Patrick Knolinski, Torben Plagmann und Hans Ch. Kreutz es fehlten:Weiterlesen\" \/>\n<meta property=\"og:url\" content=\"https:\/\/www.tvgrebin.de\/index.php\/1-herren-des-tvg\/\" \/>\n<meta property=\"og:site_name\" content=\"TV Grebin\" \/>\n<meta property=\"article:modified_time\" content=\"2023-10-11T03:47:40+00:00\" \/>\n<meta property=\"og:image\" content=\"https:\/\/www.tvgrebin.de\/wp-content\/uploads\/2022\/09\/IMG-20220313-WA0007-1024x768.jpg\" \/>\n<meta name=\"twitter:card\" content=\"summary_large_image\" \/>\n<meta name=\"twitter:label1\" content=\"Gesch\u00e4tzte Lesezeit\" \/>\n\t<meta name=\"twitter:data1\" content=\"9\u00a0Minuten\" \/>\n<script type=\"application\/ld+json\" class=\"yoast-schema-graph\">{\"@context\":\"https:\\\/\\\/schema.org\",\"@graph\":[{\"@type\":\"WebPage\",\"@id\":\"https:\\\/\\\/www.tvgrebin.de\\\/index.php\\\/1-herren-des-tvg\\\/\",\"url\":\"https:\\\/\\\/www.tvgrebin.de\\\/index.php\\\/1-herren-des-tvg\\\/\",\"name\":\"Mannschaft des TVG - TV Grebin\",\"isPartOf\":{\"@id\":\"https:\\\/\\\/www.tvgrebin.de\\\/#website\"},\"primaryImageOfPage\":{\"@id\":\"https:\\\/\\\/www.tvgrebin.de\\\/index.php\\\/1-herren-des-tvg\\\/#primaryimage\"},\"image\":{\"@id\":\"https:\\\/\\\/www.tvgrebin.de\\\/index.php\\\/1-herren-des-tvg\\\/#primaryimage\"},\"thumbnailUrl\":\"https:\\\/\\\/www.tvgrebin.de\\\/wp-content\\\/uploads\\\/2022\\\/09\\\/IMG-20220313-WA0007-1024x768.jpg\",\"datePublished\":\"2022-10-05T08:57:00+00:00\",\"dateModified\":\"2023-10-11T03:47:40+00:00\",\"breadcrumb\":{\"@id\":\"https:\\\/\\\/www.tvgrebin.de\\\/index.php\\\/1-herren-des-tvg\\\/#breadcrumb\"},\"inLanguage\":\"de\",\"potentialAction\":[{\"@type\":\"ReadAction\",\"target\":[\"https:\\\/\\\/www.tvgrebin.de\\\/index.php\\\/1-herren-des-tvg\\\/\"]}]},{\"@type\":\"ImageObject\",\"inLanguage\":\"de\",\"@id\":\"https:\\\/\\\/www.tvgrebin.de\\\/index.php\\\/1-herren-des-tvg\\\/#primaryimage\",\"url\":\"https:\\\/\\\/www.tvgrebin.de\\\/wp-content\\\/uploads\\\/2022\\\/09\\\/IMG-20220313-WA0007.jpg\",\"contentUrl\":\"https:\\\/\\\/www.tvgrebin.de\\\/wp-content\\\/uploads\\\/2022\\\/09\\\/IMG-20220313-WA0007.jpg\",\"width\":1600,\"height\":1200},{\"@type\":\"BreadcrumbList\",\"@id\":\"https:\\\/\\\/www.tvgrebin.de\\\/index.php\\\/1-herren-des-tvg\\\/#breadcrumb\",\"itemListElement\":[{\"@type\":\"ListItem\",\"position\":1,\"name\":\"Startseite\",\"item\":\"https:\\\/\\\/www.tvgrebin.de\\\/\"},{\"@type\":\"ListItem\",\"position\":2,\"name\":\"Mannschaft des TVG\"}]},{\"@type\":\"WebSite\",\"@id\":\"https:\\\/\\\/www.tvgrebin.de\\\/#website\",\"url\":\"https:\\\/\\\/www.tvgrebin.de\\\/\",\"name\":\"TV Grebin\",\"description\":\"Turn- und Sportverein von 1927\",\"publisher\":{\"@id\":\"https:\\\/\\\/www.tvgrebin.de\\\/#organization\"},\"potentialAction\":[{\"@type\":\"SearchAction\",\"target\":{\"@type\":\"EntryPoint\",\"urlTemplate\":\"https:\\\/\\\/www.tvgrebin.de\\\/?s={search_term_string}\"},\"query-input\":{\"@type\":\"PropertyValueSpecification\",\"valueRequired\":true,\"valueName\":\"search_term_string\"}}],\"inLanguage\":\"de\"},{\"@type\":\"Organization\",\"@id\":\"https:\\\/\\\/www.tvgrebin.de\\\/#organization\",\"name\":\"TV Grebin\",\"url\":\"https:\\\/\\\/www.tvgrebin.de\\\/\",\"logo\":{\"@type\":\"ImageObject\",\"inLanguage\":\"de\",\"@id\":\"https:\\\/\\\/www.tvgrebin.de\\\/#\\\/schema\\\/logo\\\/image\\\/\",\"url\":\"\",\"contentUrl\":\"\",\"caption\":\"TV Grebin\"},\"image\":{\"@id\":\"https:\\\/\\\/www.tvgrebin.de\\\/#\\\/schema\\\/logo\\\/image\\\/\"}}]}<\/script>\n<!-- \/ Yoast SEO plugin. -->","yoast_head_json":{"title":"Mannschaft des TVG - TV Grebin","robots":{"index":"index","follow":"follow","max-snippet":"max-snippet:-1","max-image-preview":"max-image-preview:large","max-video-preview":"max-video-preview:-1"},"canonical":"https:\/\/www.tvgrebin.de\/index.php\/1-herren-des-tvg\/","og_locale":"de_DE","og_type":"article","og_title":"Mannschaft des TVG - TV Grebin","og_description":"Hier pr\u00e4sentiert sich der TV Grebin mit seinem Fu\u00dfballkader: von links hinten: Finn L\u00f6hndorf, Kevin Badberg (Trainer), Lukas Techau, Volkan Selcuk, Tobias Schmahl, Pascal Christmann, Lukas R. Eitz, Marc A. Schwarz, Marcel K\u00fchn ((Locke)Trainer) von links vorne: Bajram Bami, Dennis Krull, Nis Christophersen, Mohamed Bitar, Patrick Knolinski, Torben Plagmann und Hans Ch. Kreutz es fehlten:Weiterlesen","og_url":"https:\/\/www.tvgrebin.de\/index.php\/1-herren-des-tvg\/","og_site_name":"TV Grebin","article_modified_time":"2023-10-11T03:47:40+00:00","og_image":[{"url":"https:\/\/www.tvgrebin.de\/wp-content\/uploads\/2022\/09\/IMG-20220313-WA0007-1024x768.jpg","type":"","width":"","height":""}],"twitter_card":"summary_large_image","twitter_misc":{"Gesch\u00e4tzte Lesezeit":"9\u00a0Minuten"},"schema":{"@context":"https:\/\/schema.org","@graph":[{"@type":"WebPage","@id":"https:\/\/www.tvgrebin.de\/index.php\/1-herren-des-tvg\/","url":"https:\/\/www.tvgrebin.de\/index.php\/1-herren-des-tvg\/","name":"Mannschaft des TVG - TV Grebin","isPartOf":{"@id":"https:\/\/www.tvgrebin.de\/#website"},"primaryImageOfPage":{"@id":"https:\/\/www.tvgrebin.de\/index.php\/1-herren-des-tvg\/#primaryimage"},"image":{"@id":"https:\/\/www.tvgrebin.de\/index.php\/1-herren-des-tvg\/#primaryimage"},"thumbnailUrl":"https:\/\/www.tvgrebin.de\/wp-content\/uploads\/2022\/09\/IMG-20220313-WA0007-1024x768.jpg","datePublished":"2022-10-05T08:57:00+00:00","dateModified":"2023-10-11T03:47:40+00:00","breadcrumb":{"@id":"https:\/\/www.tvgrebin.de\/index.php\/1-herren-des-tvg\/#breadcrumb"},"inLanguage":"de","potentialAction":[{"@type":"ReadAction","target":["https:\/\/www.tvgrebin.de\/index.php\/1-herren-des-tvg\/"]}]},{"@type":"ImageObject","inLanguage":"de","@id":"https:\/\/www.tvgrebin.de\/index.php\/1-herren-des-tvg\/#primaryimage","url":"https:\/\/www.tvgrebin.de\/wp-content\/uploads\/2022\/09\/IMG-20220313-WA0007.jpg","contentUrl":"https:\/\/www.tvgrebin.de\/wp-content\/uploads\/2022\/09\/IMG-20220313-WA0007.jpg","width":1600,"height":1200},{"@type":"BreadcrumbList","@id":"https:\/\/www.tvgrebin.de\/index.php\/1-herren-des-tvg\/#breadcrumb","itemListElement":[{"@type":"ListItem","position":1,"name":"Startseite","item":"https:\/\/www.tvgrebin.de\/"},{"@type":"ListItem","position":2,"name":"Mannschaft des TVG"}]},{"@type":"WebSite","@id":"https:\/\/www.tvgrebin.de\/#website","url":"https:\/\/www.tvgrebin.de\/","name":"TV Grebin","description":"Turn- und Sportverein von 1927","publisher":{"@id":"https:\/\/www.tvgrebin.de\/#organization"},"potentialAction":[{"@type":"SearchAction","target":{"@type":"EntryPoint","urlTemplate":"https:\/\/www.tvgrebin.de\/?s={search_term_string}"},"query-input":{"@type":"PropertyValueSpecification","valueRequired":true,"valueName":"search_term_string"}}],"inLanguage":"de"},{"@type":"Organization","@id":"https:\/\/www.tvgrebin.de\/#organization","name":"TV Grebin","url":"https:\/\/www.tvgrebin.de\/","logo":{"@type":"ImageObject","inLanguage":"de","@id":"https:\/\/www.tvgrebin.de\/#\/schema\/logo\/image\/","url":"","contentUrl":"","caption":"TV Grebin"},"image":{"@id":"https:\/\/www.tvgrebin.de\/#\/schema\/logo\/image\/"}}]}},"_links":{"self":[{"href":"https:\/\/www.tvgrebin.de\/index.php\/wp-json\/wp\/v2\/pages\/397","targetHints":{"allow":["GET"]}}],"collection":[{"href":"https:\/\/www.tvgrebin.de\/index.php\/wp-json\/wp\/v2\/pages"}],"about":[{"href":"https:\/\/www.tvgrebin.de\/index.php\/wp-json\/wp\/v2\/types\/page"}],"author":[{"embeddable":true,"href":"https:\/\/www.tvgrebin.de\/index.php\/wp-json\/wp\/v2\/users\/3"}],"replies":[{"embeddable":true,"href":"https:\/\/www.tvgrebin.de\/index.php\/wp-json\/wp\/v2\/comments?post=397"}],"version-history":[{"count":8,"href":"https:\/\/www.tvgrebin.de\/index.php\/wp-json\/wp\/v2\/pages\/397\/revisions"}],"predecessor-version":[{"id":1114,"href":"https:\/\/www.tvgrebin.de\/index.php\/wp-json\/wp\/v2\/pages\/397\/revisions\/1114"}],"wp:attachment":[{"href":"https:\/\/www.tvgrebin.de\/index.php\/wp-json\/wp\/v2\/media?parent=397"}],"curies":[{"name":"wp","href":"https:\/\/api.w.org\/{rel}","templated":true}]}}