{"id":1274,"date":"2025-01-31T18:23:11","date_gmt":"2025-01-31T17:23:11","guid":{"rendered":"https:\/\/www.tvgrebin.de\/?page_id=1274"},"modified":"2025-10-12T18:20:08","modified_gmt":"2025-10-12T16:20:08","slug":"aktuelles","status":"publish","type":"page","link":"https:\/\/www.tvgrebin.de\/index.php\/sportangebote\/judo\/aktuelles\/","title":{"rendered":"Aktuelles"},"content":{"rendered":"\n<h2 class=\"wp-block-heading has-text-align-center\">1. Judorangliste am 26.09.2025<\/h2>\n\n\n<div class=\"wp-block-image\">\n<figure class=\"aligncenter size-large is-resized\"><img loading=\"lazy\" decoding=\"async\" width=\"1024\" height=\"771\" src=\"https:\/\/www.tvgrebin.de\/wp-content\/uploads\/2025\/10\/IMG-20251006-WA0077-1024x771.jpg\" alt=\"\" class=\"wp-image-1530\" style=\"width:590px;height:auto\" srcset=\"https:\/\/www.tvgrebin.de\/wp-content\/uploads\/2025\/10\/IMG-20251006-WA0077-1024x771.jpg 1024w, https:\/\/www.tvgrebin.de\/wp-content\/uploads\/2025\/10\/IMG-20251006-WA0077-300x226.jpg 300w, https:\/\/www.tvgrebin.de\/wp-content\/uploads\/2025\/10\/IMG-20251006-WA0077-768x579.jpg 768w, https:\/\/www.tvgrebin.de\/wp-content\/uploads\/2025\/10\/IMG-20251006-WA0077-339x254.jpg 339w, https:\/\/www.tvgrebin.de\/wp-content\/uploads\/2025\/10\/IMG-20251006-WA0077.jpg 1200w\" sizes=\"auto, (max-width: 1024px) 100vw, 1024px\" \/><\/figure>\n<\/div>\n\n\n<p class=\"has-text-align-left\">An diesem Freitag herrschte gro\u00dfe Aufregung im Vereinsheim des TV Grebin, denn die kleinen und gro\u00dfen Judoka trafen sich erstmals zu einer sparteneigenen Rangliste, bei der die im Training erlernten Techniken auch einmal unter Wettkampfbedingungen ausprobiert werden konnten. Gleichzeitig bekamen dadurch alle Judoka die M\u00f6glichkeit, auch einmal die Mitglieder aus den anderen Trainingsgruppen kennenzulernen und beim K\u00e4mpfen zu beobachten.<\/p>\n\n\n\n<p>Gek\u00e4mpft wurde in gewichtsnahen Gruppen von zwei bis drei Teilnehmern, so dass sich am Ende jeder \u00fcber eine Platzierung freuen konnte.<\/p>\n\n\n\n<p>Wir gratulieren allen mutigen und ehrgeizigen Judoka, die sich der Herausforderung gestellt haben und freuen und auf eine Wiederholung der Veranstaltung im kommenden Jahr.<\/p>\n\n\n\n<figure class=\"wp-block-gallery has-nested-images columns-default is-cropped wp-block-gallery-1 is-layout-flex wp-block-gallery-is-layout-flex\">\n<figure class=\"wp-block-image size-large\"><img loading=\"lazy\" decoding=\"async\" width=\"1024\" height=\"771\" data-id=\"1532\" src=\"https:\/\/www.tvgrebin.de\/wp-content\/uploads\/2025\/10\/IMG-20251006-WA0008-1024x771.jpg\" alt=\"\" class=\"wp-image-1532\" srcset=\"https:\/\/www.tvgrebin.de\/wp-content\/uploads\/2025\/10\/IMG-20251006-WA0008-1024x771.jpg 1024w, https:\/\/www.tvgrebin.de\/wp-content\/uploads\/2025\/10\/IMG-20251006-WA0008-300x226.jpg 300w, https:\/\/www.tvgrebin.de\/wp-content\/uploads\/2025\/10\/IMG-20251006-WA0008-768x578.jpg 768w, https:\/\/www.tvgrebin.de\/wp-content\/uploads\/2025\/10\/IMG-20251006-WA0008-339x254.jpg 339w, https:\/\/www.tvgrebin.de\/wp-content\/uploads\/2025\/10\/IMG-20251006-WA0008.jpg 1200w\" sizes=\"auto, (max-width: 1024px) 100vw, 1024px\" \/><\/figure>\n\n\n\n<figure class=\"wp-block-image size-large\"><img loading=\"lazy\" decoding=\"async\" width=\"1024\" height=\"771\" data-id=\"1534\" src=\"https:\/\/www.tvgrebin.de\/wp-content\/uploads\/2025\/10\/IMG-20251006-WA0010-1024x771.jpg\" alt=\"\" class=\"wp-image-1534\" srcset=\"https:\/\/www.tvgrebin.de\/wp-content\/uploads\/2025\/10\/IMG-20251006-WA0010-1024x771.jpg 1024w, https:\/\/www.tvgrebin.de\/wp-content\/uploads\/2025\/10\/IMG-20251006-WA0010-300x226.jpg 300w, https:\/\/www.tvgrebin.de\/wp-content\/uploads\/2025\/10\/IMG-20251006-WA0010-768x578.jpg 768w, https:\/\/www.tvgrebin.de\/wp-content\/uploads\/2025\/10\/IMG-20251006-WA0010-339x254.jpg 339w, https:\/\/www.tvgrebin.de\/wp-content\/uploads\/2025\/10\/IMG-20251006-WA0010.jpg 1200w\" sizes=\"auto, (max-width: 1024px) 100vw, 1024px\" \/><\/figure>\n\n\n\n<figure class=\"wp-block-image size-large\"><img loading=\"lazy\" decoding=\"async\" width=\"1024\" height=\"771\" data-id=\"1537\" src=\"https:\/\/www.tvgrebin.de\/wp-content\/uploads\/2025\/10\/IMG-20251006-WA0013-1-1024x771.jpg\" alt=\"\" class=\"wp-image-1537\" srcset=\"https:\/\/www.tvgrebin.de\/wp-content\/uploads\/2025\/10\/IMG-20251006-WA0013-1-1024x771.jpg 1024w, https:\/\/www.tvgrebin.de\/wp-content\/uploads\/2025\/10\/IMG-20251006-WA0013-1-300x226.jpg 300w, https:\/\/www.tvgrebin.de\/wp-content\/uploads\/2025\/10\/IMG-20251006-WA0013-1-768x579.jpg 768w, https:\/\/www.tvgrebin.de\/wp-content\/uploads\/2025\/10\/IMG-20251006-WA0013-1-339x254.jpg 339w, https:\/\/www.tvgrebin.de\/wp-content\/uploads\/2025\/10\/IMG-20251006-WA0013-1.jpg 1200w\" sizes=\"auto, (max-width: 1024px) 100vw, 1024px\" \/><\/figure>\n\n\n\n<figure class=\"wp-block-image size-large\"><img loading=\"lazy\" decoding=\"async\" width=\"1024\" height=\"771\" data-id=\"1539\" src=\"https:\/\/www.tvgrebin.de\/wp-content\/uploads\/2025\/10\/IMG-20251006-WA0015-1-1024x771.jpg\" alt=\"\" class=\"wp-image-1539\" srcset=\"https:\/\/www.tvgrebin.de\/wp-content\/uploads\/2025\/10\/IMG-20251006-WA0015-1-1024x771.jpg 1024w, https:\/\/www.tvgrebin.de\/wp-content\/uploads\/2025\/10\/IMG-20251006-WA0015-1-300x226.jpg 300w, https:\/\/www.tvgrebin.de\/wp-content\/uploads\/2025\/10\/IMG-20251006-WA0015-1-768x579.jpg 768w, https:\/\/www.tvgrebin.de\/wp-content\/uploads\/2025\/10\/IMG-20251006-WA0015-1-339x254.jpg 339w, https:\/\/www.tvgrebin.de\/wp-content\/uploads\/2025\/10\/IMG-20251006-WA0015-1.jpg 1200w\" sizes=\"auto, (max-width: 1024px) 100vw, 1024px\" \/><\/figure>\n\n\n\n<figure class=\"wp-block-image size-large\"><img loading=\"lazy\" decoding=\"async\" width=\"771\" height=\"1024\" data-id=\"1531\" src=\"https:\/\/www.tvgrebin.de\/wp-content\/uploads\/2025\/10\/IMG-20251006-WA0039-771x1024.jpg\" alt=\"\" class=\"wp-image-1531\" srcset=\"https:\/\/www.tvgrebin.de\/wp-content\/uploads\/2025\/10\/IMG-20251006-WA0039-771x1024.jpg 771w, https:\/\/www.tvgrebin.de\/wp-content\/uploads\/2025\/10\/IMG-20251006-WA0039-226x300.jpg 226w, https:\/\/www.tvgrebin.de\/wp-content\/uploads\/2025\/10\/IMG-20251006-WA0039-768x1019.jpg 768w, https:\/\/www.tvgrebin.de\/wp-content\/uploads\/2025\/10\/IMG-20251006-WA0039.jpg 904w\" sizes=\"auto, (max-width: 771px) 100vw, 771px\" \/><\/figure>\n\n\n\n<figure class=\"wp-block-image size-large\"><img loading=\"lazy\" decoding=\"async\" width=\"1024\" height=\"771\" data-id=\"1533\" src=\"https:\/\/www.tvgrebin.de\/wp-content\/uploads\/2025\/10\/IMG-20251006-WA0066-1024x771.jpg\" alt=\"\" class=\"wp-image-1533\" srcset=\"https:\/\/www.tvgrebin.de\/wp-content\/uploads\/2025\/10\/IMG-20251006-WA0066-1024x771.jpg 1024w, https:\/\/www.tvgrebin.de\/wp-content\/uploads\/2025\/10\/IMG-20251006-WA0066-300x226.jpg 300w, https:\/\/www.tvgrebin.de\/wp-content\/uploads\/2025\/10\/IMG-20251006-WA0066-768x579.jpg 768w, https:\/\/www.tvgrebin.de\/wp-content\/uploads\/2025\/10\/IMG-20251006-WA0066-339x254.jpg 339w, https:\/\/www.tvgrebin.de\/wp-content\/uploads\/2025\/10\/IMG-20251006-WA0066.jpg 1200w\" sizes=\"auto, (max-width: 1024px) 100vw, 1024px\" \/><\/figure>\n\n\n\n<figure class=\"wp-block-image size-large\"><img loading=\"lazy\" decoding=\"async\" width=\"1024\" height=\"771\" data-id=\"1535\" src=\"https:\/\/www.tvgrebin.de\/wp-content\/uploads\/2025\/10\/IMG-20251006-WA0073-1024x771.jpg\" alt=\"\" class=\"wp-image-1535\" srcset=\"https:\/\/www.tvgrebin.de\/wp-content\/uploads\/2025\/10\/IMG-20251006-WA0073-1024x771.jpg 1024w, https:\/\/www.tvgrebin.de\/wp-content\/uploads\/2025\/10\/IMG-20251006-WA0073-300x226.jpg 300w, https:\/\/www.tvgrebin.de\/wp-content\/uploads\/2025\/10\/IMG-20251006-WA0073-768x578.jpg 768w, https:\/\/www.tvgrebin.de\/wp-content\/uploads\/2025\/10\/IMG-20251006-WA0073-339x254.jpg 339w, https:\/\/www.tvgrebin.de\/wp-content\/uploads\/2025\/10\/IMG-20251006-WA0073.jpg 1200w\" sizes=\"auto, (max-width: 1024px) 100vw, 1024px\" \/><\/figure>\n\n\n\n<figure class=\"wp-block-image size-large\"><img loading=\"lazy\" decoding=\"async\" width=\"1024\" height=\"771\" data-id=\"1536\" src=\"https:\/\/www.tvgrebin.de\/wp-content\/uploads\/2025\/10\/IMG-20251006-WA0074-1-1024x771.jpg\" alt=\"\" class=\"wp-image-1536\" srcset=\"https:\/\/www.tvgrebin.de\/wp-content\/uploads\/2025\/10\/IMG-20251006-WA0074-1-1024x771.jpg 1024w, https:\/\/www.tvgrebin.de\/wp-content\/uploads\/2025\/10\/IMG-20251006-WA0074-1-300x226.jpg 300w, https:\/\/www.tvgrebin.de\/wp-content\/uploads\/2025\/10\/IMG-20251006-WA0074-1-768x579.jpg 768w, https:\/\/www.tvgrebin.de\/wp-content\/uploads\/2025\/10\/IMG-20251006-WA0074-1-339x254.jpg 339w, https:\/\/www.tvgrebin.de\/wp-content\/uploads\/2025\/10\/IMG-20251006-WA0074-1.jpg 1200w\" sizes=\"auto, (max-width: 1024px) 100vw, 1024px\" \/><\/figure>\n\n\n\n<figure class=\"wp-block-image size-large\"><img loading=\"lazy\" decoding=\"async\" width=\"1024\" height=\"772\" data-id=\"1538\" src=\"https:\/\/www.tvgrebin.de\/wp-content\/uploads\/2025\/10\/IMG-20251006-WA0080-1024x772.jpg\" alt=\"\" class=\"wp-image-1538\" srcset=\"https:\/\/www.tvgrebin.de\/wp-content\/uploads\/2025\/10\/IMG-20251006-WA0080-1024x772.jpg 1024w, https:\/\/www.tvgrebin.de\/wp-content\/uploads\/2025\/10\/IMG-20251006-WA0080-300x226.jpg 300w, https:\/\/www.tvgrebin.de\/wp-content\/uploads\/2025\/10\/IMG-20251006-WA0080-768x579.jpg 768w, https:\/\/www.tvgrebin.de\/wp-content\/uploads\/2025\/10\/IMG-20251006-WA0080.jpg 1200w\" sizes=\"auto, (max-width: 1024px) 100vw, 1024px\" \/><\/figure>\n<\/figure>\n\n\n\n<p><\/p>\n\n\n\n<h2 class=\"wp-block-heading has-text-align-center\">Kyu-Pr\u00fcfung am 18.07.2025<\/h2>\n\n\n\n<figure class=\"wp-block-image size-large\"><img loading=\"lazy\" decoding=\"async\" width=\"1024\" height=\"576\" src=\"https:\/\/www.tvgrebin.de\/wp-content\/uploads\/2025\/08\/IMG_2525-1-1024x576.jpg\" alt=\"\" class=\"wp-image-1494\" srcset=\"https:\/\/www.tvgrebin.de\/wp-content\/uploads\/2025\/08\/IMG_2525-1-1024x576.jpg 1024w, https:\/\/www.tvgrebin.de\/wp-content\/uploads\/2025\/08\/IMG_2525-1-300x169.jpg 300w, https:\/\/www.tvgrebin.de\/wp-content\/uploads\/2025\/08\/IMG_2525-1-768x432.jpg 768w, https:\/\/www.tvgrebin.de\/wp-content\/uploads\/2025\/08\/IMG_2525-1.jpg 1200w\" sizes=\"auto, (max-width: 1024px) 100vw, 1024px\" \/><\/figure>\n\n\n\n<p>Herzliche Gl\u00fcckw\u00fcnsche gehen an unsere kleinsten Judoka!<\/p>\n\n\n\n<p>Am 18.07.2025 haben Jordis, Sverre, Tjelle, Gece und Tibirius ihre erste G\u00fcrtelpr\u00fcfung bestanden und d\u00fcrfen nun den wei\u00df-gelben G\u00fcrtel tragen.<\/p>\n\n\n\n<p>Emil hat bereits die Pr\u00fcfung zum 7. Kyu abgelegt und darf damit ab sofort den gelben G\u00fcrtel tragen.<\/p>\n\n\n\n<figure class=\"wp-block-gallery has-nested-images columns-default is-cropped wp-block-gallery-2 is-layout-flex wp-block-gallery-is-layout-flex\">\n<figure class=\"wp-block-image size-large\"><img loading=\"lazy\" decoding=\"async\" width=\"576\" height=\"1024\" data-id=\"1500\" src=\"https:\/\/www.tvgrebin.de\/wp-content\/uploads\/2025\/08\/IMG_2507-1-576x1024.jpg\" alt=\"\" class=\"wp-image-1500\" srcset=\"https:\/\/www.tvgrebin.de\/wp-content\/uploads\/2025\/08\/IMG_2507-1-576x1024.jpg 576w, https:\/\/www.tvgrebin.de\/wp-content\/uploads\/2025\/08\/IMG_2507-1-169x300.jpg 169w, https:\/\/www.tvgrebin.de\/wp-content\/uploads\/2025\/08\/IMG_2507-1.jpg 675w\" sizes=\"auto, (max-width: 576px) 100vw, 576px\" \/><\/figure>\n\n\n\n<figure class=\"wp-block-image size-large\"><img loading=\"lazy\" decoding=\"async\" width=\"576\" height=\"1024\" data-id=\"1498\" src=\"https:\/\/www.tvgrebin.de\/wp-content\/uploads\/2025\/08\/IMG_2510-1-576x1024.jpg\" alt=\"\" class=\"wp-image-1498\" srcset=\"https:\/\/www.tvgrebin.de\/wp-content\/uploads\/2025\/08\/IMG_2510-1-576x1024.jpg 576w, https:\/\/www.tvgrebin.de\/wp-content\/uploads\/2025\/08\/IMG_2510-1-169x300.jpg 169w, https:\/\/www.tvgrebin.de\/wp-content\/uploads\/2025\/08\/IMG_2510-1.jpg 675w\" sizes=\"auto, (max-width: 576px) 100vw, 576px\" \/><\/figure>\n\n\n\n<figure class=\"wp-block-image size-large\"><img loading=\"lazy\" decoding=\"async\" width=\"576\" height=\"1024\" data-id=\"1499\" src=\"https:\/\/www.tvgrebin.de\/wp-content\/uploads\/2025\/08\/IMG_2511-1-576x1024.jpg\" alt=\"\" class=\"wp-image-1499\" srcset=\"https:\/\/www.tvgrebin.de\/wp-content\/uploads\/2025\/08\/IMG_2511-1-576x1024.jpg 576w, https:\/\/www.tvgrebin.de\/wp-content\/uploads\/2025\/08\/IMG_2511-1-169x300.jpg 169w, https:\/\/www.tvgrebin.de\/wp-content\/uploads\/2025\/08\/IMG_2511-1.jpg 675w\" sizes=\"auto, (max-width: 576px) 100vw, 576px\" \/><\/figure>\n\n\n\n<figure class=\"wp-block-image size-large\"><img loading=\"lazy\" decoding=\"async\" width=\"576\" height=\"1024\" data-id=\"1497\" src=\"https:\/\/www.tvgrebin.de\/wp-content\/uploads\/2025\/08\/IMG_2513-1-576x1024.jpg\" alt=\"\" class=\"wp-image-1497\" srcset=\"https:\/\/www.tvgrebin.de\/wp-content\/uploads\/2025\/08\/IMG_2513-1-576x1024.jpg 576w, https:\/\/www.tvgrebin.de\/wp-content\/uploads\/2025\/08\/IMG_2513-1-169x300.jpg 169w, https:\/\/www.tvgrebin.de\/wp-content\/uploads\/2025\/08\/IMG_2513-1.jpg 675w\" sizes=\"auto, (max-width: 576px) 100vw, 576px\" \/><\/figure>\n\n\n\n<figure class=\"wp-block-image size-large\"><img loading=\"lazy\" decoding=\"async\" width=\"576\" height=\"1024\" data-id=\"1501\" src=\"https:\/\/www.tvgrebin.de\/wp-content\/uploads\/2025\/08\/IMG_2515-1-576x1024.jpg\" alt=\"\" class=\"wp-image-1501\" srcset=\"https:\/\/www.tvgrebin.de\/wp-content\/uploads\/2025\/08\/IMG_2515-1-576x1024.jpg 576w, https:\/\/www.tvgrebin.de\/wp-content\/uploads\/2025\/08\/IMG_2515-1-169x300.jpg 169w, https:\/\/www.tvgrebin.de\/wp-content\/uploads\/2025\/08\/IMG_2515-1.jpg 675w\" sizes=\"auto, (max-width: 576px) 100vw, 576px\" \/><\/figure>\n\n\n\n<figure class=\"wp-block-image size-large\"><img loading=\"lazy\" decoding=\"async\" width=\"576\" height=\"1024\" data-id=\"1502\" src=\"https:\/\/www.tvgrebin.de\/wp-content\/uploads\/2025\/08\/IMG_2517-1-576x1024.jpg\" alt=\"\" class=\"wp-image-1502\" srcset=\"https:\/\/www.tvgrebin.de\/wp-content\/uploads\/2025\/08\/IMG_2517-1-576x1024.jpg 576w, https:\/\/www.tvgrebin.de\/wp-content\/uploads\/2025\/08\/IMG_2517-1-169x300.jpg 169w, https:\/\/www.tvgrebin.de\/wp-content\/uploads\/2025\/08\/IMG_2517-1.jpg 675w\" sizes=\"auto, (max-width: 576px) 100vw, 576px\" \/><\/figure>\n\n\n\n<figure class=\"wp-block-image size-large\"><img loading=\"lazy\" decoding=\"async\" width=\"576\" height=\"1024\" data-id=\"1496\" src=\"https:\/\/www.tvgrebin.de\/wp-content\/uploads\/2025\/08\/IMG_2518-1-576x1024.jpg\" alt=\"\" class=\"wp-image-1496\" srcset=\"https:\/\/www.tvgrebin.de\/wp-content\/uploads\/2025\/08\/IMG_2518-1-576x1024.jpg 576w, https:\/\/www.tvgrebin.de\/wp-content\/uploads\/2025\/08\/IMG_2518-1-169x300.jpg 169w, https:\/\/www.tvgrebin.de\/wp-content\/uploads\/2025\/08\/IMG_2518-1.jpg 675w\" sizes=\"auto, (max-width: 576px) 100vw, 576px\" \/><\/figure>\n\n\n\n<figure class=\"wp-block-image size-large\"><img loading=\"lazy\" decoding=\"async\" width=\"576\" height=\"1024\" data-id=\"1504\" src=\"https:\/\/www.tvgrebin.de\/wp-content\/uploads\/2025\/08\/IMG_2520-1-576x1024.jpg\" alt=\"\" class=\"wp-image-1504\" srcset=\"https:\/\/www.tvgrebin.de\/wp-content\/uploads\/2025\/08\/IMG_2520-1-576x1024.jpg 576w, https:\/\/www.tvgrebin.de\/wp-content\/uploads\/2025\/08\/IMG_2520-1-169x300.jpg 169w, https:\/\/www.tvgrebin.de\/wp-content\/uploads\/2025\/08\/IMG_2520-1.jpg 675w\" sizes=\"auto, (max-width: 576px) 100vw, 576px\" \/><\/figure>\n\n\n\n<figure class=\"wp-block-image size-large\"><img loading=\"lazy\" decoding=\"async\" width=\"576\" height=\"1024\" data-id=\"1505\" src=\"https:\/\/www.tvgrebin.de\/wp-content\/uploads\/2025\/08\/IMG_2522-1-576x1024.jpg\" alt=\"\" class=\"wp-image-1505\" srcset=\"https:\/\/www.tvgrebin.de\/wp-content\/uploads\/2025\/08\/IMG_2522-1-576x1024.jpg 576w, https:\/\/www.tvgrebin.de\/wp-content\/uploads\/2025\/08\/IMG_2522-1-169x300.jpg 169w, https:\/\/www.tvgrebin.de\/wp-content\/uploads\/2025\/08\/IMG_2522-1.jpg 675w\" sizes=\"auto, (max-width: 576px) 100vw, 576px\" \/><\/figure>\n\n\n\n<figure class=\"wp-block-image size-large\"><img loading=\"lazy\" decoding=\"async\" width=\"1024\" height=\"576\" data-id=\"1503\" src=\"https:\/\/www.tvgrebin.de\/wp-content\/uploads\/2025\/08\/IMG_2534-1-1024x576.jpg\" alt=\"\" class=\"wp-image-1503\" srcset=\"https:\/\/www.tvgrebin.de\/wp-content\/uploads\/2025\/08\/IMG_2534-1-1024x576.jpg 1024w, https:\/\/www.tvgrebin.de\/wp-content\/uploads\/2025\/08\/IMG_2534-1-300x169.jpg 300w, https:\/\/www.tvgrebin.de\/wp-content\/uploads\/2025\/08\/IMG_2534-1-768x432.jpg 768w, https:\/\/www.tvgrebin.de\/wp-content\/uploads\/2025\/08\/IMG_2534-1.jpg 1200w\" sizes=\"auto, (max-width: 1024px) 100vw, 1024px\" \/><\/figure>\n<\/figure>\n\n\n\n<h2 class=\"wp-block-heading has-text-align-center\">Kyu-Pr\u00fcfung am 16.05.2025<\/h2>\n\n\n\n<p>Wenn die Trainer an einem Freitag zum Training Kuchen mitbringen, dann wei\u00df mittlerweile jeder im TV Grebin, es ist Judopr\u00fcfung. Denn am Freitag den 16.05.25 war es soweit, Max-Andr\u00e9 Struve, Julie Helene Pfaff, Katja v. Kniese und Cagdas Sarikaya standen zur Pr\u00fcfung an. Bereits in den letzten Wochen haben sie intensiv trainiert und in Modulen wie Stand-, Boden- und Falltechniken ihre F\u00e4higkeiten zu den anstehenden, neuen G\u00fcrtelfarben unter Beweis gestellt.<\/p>\n\n\n\n<p><strong>Es erreichten mit ablegen der Pr\u00fcfung am 16.05.2025 folgende Judoka, folgende Graduierung:<\/strong><\/p>\n\n\n\n<p><strong>Max-Andr\u00e9 Struve erreichte den 5. Kyu (Orange)<\/strong>,<\/p>\n\n\n\n<p><\/p>\n\n\n\n<p><strong>Katja v. Kniese erreichte den 5. Kyu (Orange),<\/strong><\/p>\n\n\n\n<p><strong>Cagdas Sarikaya erreichte den 7. Kyu (Gelbgurt),<\/strong><\/p>\n\n\n\n<p><strong>Julie Helene Pfaff erreichte den 8. Kyu (Wei\u00df-Gelbgurt).<\/strong><\/p>\n\n\n\n<p><\/p>\n\n\n\n<p>Aus gesundheitlichen Gr\u00fcnden konnte Marie v. Kniese leider nicht an der Pr\u00fcfung teilnehmen. Diese wird aber, sobald es die Gesundheit wieder zul\u00e4sst, nachgeholt. Marie steht zur Pr\u00fcfung f\u00fcr den 4. Kyu  (Orange-Gr\u00fcngurt) an.<\/p>\n\n\n\n<p>Der oben erw\u00e4hnte Kuchen dient nat\u00fcrlich nicht dazu, <strong>unseren Pr\u00fcfer Helmut Hass<\/strong> zu beschwichtigen in Bezug auf die Pr\u00fcfung, vielmehr hat sich das in einer Art famili\u00e4rer Tradition bei uns so eingeb\u00fcrgert. Helmut Hass betonte und versicherte zum Ende der Pr\u00fcfung die Qualit\u00e4t der an diesem Tag gezeigten Techniken. Vielen Dank dir lieber Helmut, danke an die Pr\u00fcflinge und deren Ukes (Trainingspartner).<\/p>\n\n\n\n<p>Nat\u00fcrlich gab es am Ende f\u00fcr jeden ein St\u00fcck Kuchen \ud83d\ude09<\/p>\n\n\n\n<figure class=\"wp-block-gallery has-nested-images columns-default is-cropped wp-block-gallery-3 is-layout-flex wp-block-gallery-is-layout-flex\">\n<figure class=\"wp-block-image size-large\"><img loading=\"lazy\" decoding=\"async\" width=\"1024\" height=\"577\" data-id=\"1415\" src=\"https:\/\/www.tvgrebin.de\/wp-content\/uploads\/2025\/05\/20250516_173028-2-1024x577.jpg\" alt=\"\" class=\"wp-image-1415\" srcset=\"https:\/\/www.tvgrebin.de\/wp-content\/uploads\/2025\/05\/20250516_173028-2-1024x577.jpg 1024w, https:\/\/www.tvgrebin.de\/wp-content\/uploads\/2025\/05\/20250516_173028-2-300x169.jpg 300w, https:\/\/www.tvgrebin.de\/wp-content\/uploads\/2025\/05\/20250516_173028-2-768x433.jpg 768w, https:\/\/www.tvgrebin.de\/wp-content\/uploads\/2025\/05\/20250516_173028-2.jpg 1200w\" sizes=\"auto, (max-width: 1024px) 100vw, 1024px\" \/><\/figure>\n\n\n\n<figure class=\"wp-block-image size-large\"><img loading=\"lazy\" decoding=\"async\" width=\"1024\" height=\"577\" data-id=\"1416\" src=\"https:\/\/www.tvgrebin.de\/wp-content\/uploads\/2025\/05\/20250516_173138-1-1024x577.jpg\" alt=\"\" class=\"wp-image-1416\" srcset=\"https:\/\/www.tvgrebin.de\/wp-content\/uploads\/2025\/05\/20250516_173138-1-1024x577.jpg 1024w, https:\/\/www.tvgrebin.de\/wp-content\/uploads\/2025\/05\/20250516_173138-1-300x169.jpg 300w, https:\/\/www.tvgrebin.de\/wp-content\/uploads\/2025\/05\/20250516_173138-1-768x433.jpg 768w, https:\/\/www.tvgrebin.de\/wp-content\/uploads\/2025\/05\/20250516_173138-1.jpg 1200w\" sizes=\"auto, (max-width: 1024px) 100vw, 1024px\" \/><\/figure>\n\n\n\n<figure class=\"wp-block-image size-large\"><img loading=\"lazy\" decoding=\"async\" width=\"1024\" height=\"577\" data-id=\"1414\" src=\"https:\/\/www.tvgrebin.de\/wp-content\/uploads\/2025\/05\/20250516_173143-1-1024x577.jpg\" alt=\"\" class=\"wp-image-1414\" srcset=\"https:\/\/www.tvgrebin.de\/wp-content\/uploads\/2025\/05\/20250516_173143-1-1024x577.jpg 1024w, https:\/\/www.tvgrebin.de\/wp-content\/uploads\/2025\/05\/20250516_173143-1-300x169.jpg 300w, https:\/\/www.tvgrebin.de\/wp-content\/uploads\/2025\/05\/20250516_173143-1-768x433.jpg 768w, https:\/\/www.tvgrebin.de\/wp-content\/uploads\/2025\/05\/20250516_173143-1.jpg 1200w\" sizes=\"auto, (max-width: 1024px) 100vw, 1024px\" \/><\/figure>\n<\/figure>\n\n\n\n<figure class=\"wp-block-gallery has-nested-images columns-default is-cropped wp-block-gallery-4 is-layout-flex wp-block-gallery-is-layout-flex\">\n<figure class=\"wp-block-image size-large\"><img loading=\"lazy\" decoding=\"async\" width=\"1024\" height=\"577\" data-id=\"1418\" src=\"https:\/\/www.tvgrebin.de\/wp-content\/uploads\/2025\/05\/20250516_173150-1024x577.jpg\" alt=\"\" class=\"wp-image-1418\" srcset=\"https:\/\/www.tvgrebin.de\/wp-content\/uploads\/2025\/05\/20250516_173150-1024x577.jpg 1024w, https:\/\/www.tvgrebin.de\/wp-content\/uploads\/2025\/05\/20250516_173150-300x169.jpg 300w, https:\/\/www.tvgrebin.de\/wp-content\/uploads\/2025\/05\/20250516_173150-768x433.jpg 768w, https:\/\/www.tvgrebin.de\/wp-content\/uploads\/2025\/05\/20250516_173150.jpg 1200w\" sizes=\"auto, (max-width: 1024px) 100vw, 1024px\" \/><\/figure>\n\n\n\n<figure class=\"wp-block-image size-large\"><img loading=\"lazy\" decoding=\"async\" width=\"1024\" height=\"577\" data-id=\"1419\" src=\"https:\/\/www.tvgrebin.de\/wp-content\/uploads\/2025\/05\/20250516_173838-1024x577.jpg\" alt=\"\" class=\"wp-image-1419\" srcset=\"https:\/\/www.tvgrebin.de\/wp-content\/uploads\/2025\/05\/20250516_173838-1024x577.jpg 1024w, https:\/\/www.tvgrebin.de\/wp-content\/uploads\/2025\/05\/20250516_173838-300x169.jpg 300w, https:\/\/www.tvgrebin.de\/wp-content\/uploads\/2025\/05\/20250516_173838-768x433.jpg 768w, https:\/\/www.tvgrebin.de\/wp-content\/uploads\/2025\/05\/20250516_173838.jpg 1200w\" sizes=\"auto, (max-width: 1024px) 100vw, 1024px\" \/><\/figure>\n\n\n\n<figure class=\"wp-block-image size-large\"><img loading=\"lazy\" decoding=\"async\" width=\"1024\" height=\"577\" data-id=\"1420\" src=\"https:\/\/www.tvgrebin.de\/wp-content\/uploads\/2025\/05\/20250516_174115-1024x577.jpg\" alt=\"\" class=\"wp-image-1420\" srcset=\"https:\/\/www.tvgrebin.de\/wp-content\/uploads\/2025\/05\/20250516_174115-1024x577.jpg 1024w, https:\/\/www.tvgrebin.de\/wp-content\/uploads\/2025\/05\/20250516_174115-300x169.jpg 300w, https:\/\/www.tvgrebin.de\/wp-content\/uploads\/2025\/05\/20250516_174115-768x433.jpg 768w, https:\/\/www.tvgrebin.de\/wp-content\/uploads\/2025\/05\/20250516_174115.jpg 1200w\" sizes=\"auto, (max-width: 1024px) 100vw, 1024px\" \/><\/figure>\n<\/figure>\n\n\n\n<figure class=\"wp-block-gallery has-nested-images columns-default is-cropped wp-block-gallery-5 is-layout-flex wp-block-gallery-is-layout-flex\">\n<figure class=\"wp-block-image size-large\"><img loading=\"lazy\" decoding=\"async\" width=\"1024\" height=\"577\" data-id=\"1423\" src=\"https:\/\/www.tvgrebin.de\/wp-content\/uploads\/2025\/05\/20250516_175830-1024x577.jpg\" alt=\"\" class=\"wp-image-1423\" srcset=\"https:\/\/www.tvgrebin.de\/wp-content\/uploads\/2025\/05\/20250516_175830-1024x577.jpg 1024w, https:\/\/www.tvgrebin.de\/wp-content\/uploads\/2025\/05\/20250516_175830-300x169.jpg 300w, https:\/\/www.tvgrebin.de\/wp-content\/uploads\/2025\/05\/20250516_175830-768x433.jpg 768w, https:\/\/www.tvgrebin.de\/wp-content\/uploads\/2025\/05\/20250516_175830.jpg 1200w\" sizes=\"auto, (max-width: 1024px) 100vw, 1024px\" \/><\/figure>\n\n\n\n<figure class=\"wp-block-image size-large\"><img loading=\"lazy\" decoding=\"async\" width=\"1024\" height=\"577\" data-id=\"1424\" src=\"https:\/\/www.tvgrebin.de\/wp-content\/uploads\/2025\/05\/20250516_180017-1024x577.jpg\" alt=\"\" class=\"wp-image-1424\" srcset=\"https:\/\/www.tvgrebin.de\/wp-content\/uploads\/2025\/05\/20250516_180017-1024x577.jpg 1024w, https:\/\/www.tvgrebin.de\/wp-content\/uploads\/2025\/05\/20250516_180017-300x169.jpg 300w, https:\/\/www.tvgrebin.de\/wp-content\/uploads\/2025\/05\/20250516_180017-768x433.jpg 768w, https:\/\/www.tvgrebin.de\/wp-content\/uploads\/2025\/05\/20250516_180017.jpg 1200w\" sizes=\"auto, (max-width: 1024px) 100vw, 1024px\" \/><\/figure>\n\n\n\n<figure class=\"wp-block-image size-large\"><img loading=\"lazy\" decoding=\"async\" width=\"1024\" height=\"577\" data-id=\"1425\" src=\"https:\/\/www.tvgrebin.de\/wp-content\/uploads\/2025\/05\/20250516_181131-1024x577.jpg\" alt=\"\" class=\"wp-image-1425\" srcset=\"https:\/\/www.tvgrebin.de\/wp-content\/uploads\/2025\/05\/20250516_181131-1024x577.jpg 1024w, https:\/\/www.tvgrebin.de\/wp-content\/uploads\/2025\/05\/20250516_181131-300x169.jpg 300w, https:\/\/www.tvgrebin.de\/wp-content\/uploads\/2025\/05\/20250516_181131-768x433.jpg 768w, https:\/\/www.tvgrebin.de\/wp-content\/uploads\/2025\/05\/20250516_181131.jpg 1200w\" sizes=\"auto, (max-width: 1024px) 100vw, 1024px\" \/><\/figure>\n<\/figure>\n\n\n\n<figure class=\"wp-block-gallery has-nested-images columns-default is-cropped wp-block-gallery-6 is-layout-flex wp-block-gallery-is-layout-flex\">\n<figure class=\"wp-block-image size-large\"><img loading=\"lazy\" decoding=\"async\" width=\"1024\" height=\"577\" data-id=\"1428\" src=\"https:\/\/www.tvgrebin.de\/wp-content\/uploads\/2025\/05\/20250516_182452-1024x577.jpg\" alt=\"\" class=\"wp-image-1428\" srcset=\"https:\/\/www.tvgrebin.de\/wp-content\/uploads\/2025\/05\/20250516_182452-1024x577.jpg 1024w, https:\/\/www.tvgrebin.de\/wp-content\/uploads\/2025\/05\/20250516_182452-300x169.jpg 300w, https:\/\/www.tvgrebin.de\/wp-content\/uploads\/2025\/05\/20250516_182452-768x433.jpg 768w, https:\/\/www.tvgrebin.de\/wp-content\/uploads\/2025\/05\/20250516_182452.jpg 1200w\" sizes=\"auto, (max-width: 1024px) 100vw, 1024px\" \/><\/figure>\n\n\n\n<figure class=\"wp-block-image size-large\"><img loading=\"lazy\" decoding=\"async\" width=\"1024\" height=\"577\" data-id=\"1427\" src=\"https:\/\/www.tvgrebin.de\/wp-content\/uploads\/2025\/05\/20250516_182525-1024x577.jpg\" alt=\"\" class=\"wp-image-1427\" srcset=\"https:\/\/www.tvgrebin.de\/wp-content\/uploads\/2025\/05\/20250516_182525-1024x577.jpg 1024w, https:\/\/www.tvgrebin.de\/wp-content\/uploads\/2025\/05\/20250516_182525-300x169.jpg 300w, https:\/\/www.tvgrebin.de\/wp-content\/uploads\/2025\/05\/20250516_182525-768x433.jpg 768w, https:\/\/www.tvgrebin.de\/wp-content\/uploads\/2025\/05\/20250516_182525.jpg 1200w\" sizes=\"auto, (max-width: 1024px) 100vw, 1024px\" \/><\/figure>\n\n\n\n<figure class=\"wp-block-image size-large\"><img loading=\"lazy\" decoding=\"async\" width=\"1024\" height=\"577\" data-id=\"1426\" src=\"https:\/\/www.tvgrebin.de\/wp-content\/uploads\/2025\/05\/20250516_183958-1024x577.jpg\" alt=\"\" class=\"wp-image-1426\" srcset=\"https:\/\/www.tvgrebin.de\/wp-content\/uploads\/2025\/05\/20250516_183958-1024x577.jpg 1024w, https:\/\/www.tvgrebin.de\/wp-content\/uploads\/2025\/05\/20250516_183958-300x169.jpg 300w, https:\/\/www.tvgrebin.de\/wp-content\/uploads\/2025\/05\/20250516_183958-768x433.jpg 768w, https:\/\/www.tvgrebin.de\/wp-content\/uploads\/2025\/05\/20250516_183958.jpg 1200w\" sizes=\"auto, (max-width: 1024px) 100vw, 1024px\" \/><\/figure>\n<\/figure>\n\n\n\n<figure class=\"wp-block-gallery has-nested-images columns-default is-cropped wp-block-gallery-7 is-layout-flex wp-block-gallery-is-layout-flex\">\n<figure class=\"wp-block-image size-large\"><img loading=\"lazy\" decoding=\"async\" width=\"1024\" height=\"577\" data-id=\"1431\" src=\"https:\/\/www.tvgrebin.de\/wp-content\/uploads\/2025\/05\/20250516_184338-1024x577.jpg\" alt=\"\" class=\"wp-image-1431\" srcset=\"https:\/\/www.tvgrebin.de\/wp-content\/uploads\/2025\/05\/20250516_184338-1024x577.jpg 1024w, https:\/\/www.tvgrebin.de\/wp-content\/uploads\/2025\/05\/20250516_184338-300x169.jpg 300w, https:\/\/www.tvgrebin.de\/wp-content\/uploads\/2025\/05\/20250516_184338-768x433.jpg 768w, https:\/\/www.tvgrebin.de\/wp-content\/uploads\/2025\/05\/20250516_184338.jpg 1200w\" sizes=\"auto, (max-width: 1024px) 100vw, 1024px\" \/><\/figure>\n\n\n\n<figure class=\"wp-block-image size-large\"><img loading=\"lazy\" decoding=\"async\" width=\"1024\" height=\"577\" data-id=\"1432\" src=\"https:\/\/www.tvgrebin.de\/wp-content\/uploads\/2025\/05\/20250516_184438-1024x577.jpg\" alt=\"\" class=\"wp-image-1432\" srcset=\"https:\/\/www.tvgrebin.de\/wp-content\/uploads\/2025\/05\/20250516_184438-1024x577.jpg 1024w, https:\/\/www.tvgrebin.de\/wp-content\/uploads\/2025\/05\/20250516_184438-300x169.jpg 300w, https:\/\/www.tvgrebin.de\/wp-content\/uploads\/2025\/05\/20250516_184438-768x433.jpg 768w, https:\/\/www.tvgrebin.de\/wp-content\/uploads\/2025\/05\/20250516_184438.jpg 1200w\" sizes=\"auto, (max-width: 1024px) 100vw, 1024px\" \/><\/figure>\n<\/figure>\n\n\n\n<figure class=\"wp-block-gallery has-nested-images columns-default is-cropped wp-block-gallery-8 is-layout-flex wp-block-gallery-is-layout-flex\">\n<figure class=\"wp-block-image size-large\"><img loading=\"lazy\" decoding=\"async\" width=\"1024\" height=\"577\" data-id=\"1434\" src=\"https:\/\/www.tvgrebin.de\/wp-content\/uploads\/2025\/05\/20250516_184517-1024x577.jpg\" alt=\"\" class=\"wp-image-1434\" srcset=\"https:\/\/www.tvgrebin.de\/wp-content\/uploads\/2025\/05\/20250516_184517-1024x577.jpg 1024w, https:\/\/www.tvgrebin.de\/wp-content\/uploads\/2025\/05\/20250516_184517-300x169.jpg 300w, https:\/\/www.tvgrebin.de\/wp-content\/uploads\/2025\/05\/20250516_184517-768x433.jpg 768w, https:\/\/www.tvgrebin.de\/wp-content\/uploads\/2025\/05\/20250516_184517.jpg 1200w\" sizes=\"auto, (max-width: 1024px) 100vw, 1024px\" \/><\/figure>\n\n\n\n<figure class=\"wp-block-image size-large\"><img loading=\"lazy\" decoding=\"async\" width=\"1024\" height=\"577\" data-id=\"1433\" src=\"https:\/\/www.tvgrebin.de\/wp-content\/uploads\/2025\/05\/20250516_184556-1024x577.jpg\" alt=\"\" class=\"wp-image-1433\" srcset=\"https:\/\/www.tvgrebin.de\/wp-content\/uploads\/2025\/05\/20250516_184556-1024x577.jpg 1024w, https:\/\/www.tvgrebin.de\/wp-content\/uploads\/2025\/05\/20250516_184556-300x169.jpg 300w, https:\/\/www.tvgrebin.de\/wp-content\/uploads\/2025\/05\/20250516_184556-768x433.jpg 768w, https:\/\/www.tvgrebin.de\/wp-content\/uploads\/2025\/05\/20250516_184556.jpg 1200w\" sizes=\"auto, (max-width: 1024px) 100vw, 1024px\" \/><\/figure>\n<\/figure>\n\n\n\n<h2 class=\"wp-block-heading has-text-align-center\">Patenschaft, unterst\u00fctzt unsere Judokas!<\/h2>\n\n\n\n<p>Am 15. M\u00e4rz legten wir den Startschuss f\u00fcr die Erneuerung unserer Judomatte. Rund sechzehn Quadratmeter haben wir an diesem Tag durch die tolle Unterst\u00fctzung der Eltern und Judokas unserer Sparte kaufen k\u00f6nnen. <\/p>\n\n\n\n<p>Der Anfang ist gemacht!<\/p>\n\n\n\n<figure class=\"wp-block-image size-large\"><img loading=\"lazy\" decoding=\"async\" width=\"1024\" height=\"768\" src=\"https:\/\/www.tvgrebin.de\/wp-content\/uploads\/2025\/04\/Matten-neu-1024x768.jpg\" alt=\"\" class=\"wp-image-1322\" srcset=\"https:\/\/www.tvgrebin.de\/wp-content\/uploads\/2025\/04\/Matten-neu-1024x768.jpg 1024w, https:\/\/www.tvgrebin.de\/wp-content\/uploads\/2025\/04\/Matten-neu-300x225.jpg 300w, https:\/\/www.tvgrebin.de\/wp-content\/uploads\/2025\/04\/Matten-neu-768x576.jpg 768w, https:\/\/www.tvgrebin.de\/wp-content\/uploads\/2025\/04\/Matten-neu-339x254.jpg 339w, https:\/\/www.tvgrebin.de\/wp-content\/uploads\/2025\/04\/Matten-neu.jpg 1200w\" sizes=\"auto, (max-width: 1024px) 100vw, 1024px\" \/><\/figure>\n\n\n\n<h2 class=\"wp-block-heading has-text-align-center\">Wenn auch ihr uns unterst\u00fctzen wollt,<\/h2>\n\n\n\n<p>\u00fcbernehmt eine Mattenpatenschaft f\u00fcr 60,-\u20ac\/m\u00b2 und ihr erhaltet, neben unserer gro\u00dfen Dankbarkeit, eine Spendenquittung und eine Patenschafts-Urkunde welche eure Spende verbrieft.<\/p>\n\n\n\n<p class=\"has-text-align-center\">Sprecht uns gerne an!<\/p>\n\n\n\n<figure class=\"wp-block-gallery has-nested-images columns-default is-cropped wp-block-gallery-9 is-layout-flex wp-block-gallery-is-layout-flex\">\n<figure class=\"wp-block-image size-large\"><img loading=\"lazy\" decoding=\"async\" width=\"1024\" height=\"727\" data-id=\"1327\" src=\"https:\/\/www.tvgrebin.de\/wp-content\/uploads\/2025\/04\/Patenschaft-2-1024x727.png\" alt=\"\" class=\"wp-image-1327\" srcset=\"https:\/\/www.tvgrebin.de\/wp-content\/uploads\/2025\/04\/Patenschaft-2-1024x727.png 1024w, https:\/\/www.tvgrebin.de\/wp-content\/uploads\/2025\/04\/Patenschaft-2-300x213.png 300w, https:\/\/www.tvgrebin.de\/wp-content\/uploads\/2025\/04\/Patenschaft-2-768x545.png 768w, https:\/\/www.tvgrebin.de\/wp-content\/uploads\/2025\/04\/Patenschaft-2.png 1131w\" sizes=\"auto, (max-width: 1024px) 100vw, 1024px\" \/><\/figure>\n<\/figure>\n\n\n\n<p><\/p>\n","protected":false},"excerpt":{"rendered":"<p>1. Judorangliste am 26.09.2025 An diesem Freitag herrschte gro\u00dfe Aufregung im Vereinsheim des TV Grebin, denn die kleinen und gro\u00dfen Judoka trafen sich erstmals zu einer sparteneigenen Rangliste, bei der die im Training erlernten Techniken auch einmal unter Wettkampfbedingungen ausprobiert werden konnten. Gleichzeitig bekamen dadurch alle Judoka die M\u00f6glichkeit, auch einmal die Mitglieder aus den<\/p>\n<div class=\"read-more\"><a href=\"https:\/\/www.tvgrebin.de\/index.php\/sportangebote\/judo\/aktuelles\/\" title=\"Read More\">Weiterlesen<i class=\"icon icon-angle-right\"><\/i><\/a><\/div>\n","protected":false},"author":1,"featured_media":0,"parent":1226,"menu_order":0,"comment_status":"closed","ping_status":"closed","template":"","meta":{"footnotes":""},"class_list":["post-1274","page","type-page","status-publish"],"yoast_head":"<!-- This site is optimized with the Yoast SEO plugin v27.5 - https:\/\/yoast.com\/product\/yoast-seo-wordpress\/ -->\n<title>Aktuelles - TV Grebin<\/title>\n<meta name=\"robots\" content=\"index, follow, max-snippet:-1, max-image-preview:large, max-video-preview:-1\" \/>\n<link rel=\"canonical\" href=\"https:\/\/www.tvgrebin.de\/index.php\/sportangebote\/judo\/aktuelles\/\" \/>\n<meta property=\"og:locale\" content=\"de_DE\" \/>\n<meta property=\"og:type\" content=\"article\" \/>\n<meta property=\"og:title\" content=\"Aktuelles - TV Grebin\" \/>\n<meta property=\"og:description\" content=\"1. Judorangliste am 26.09.2025 An diesem Freitag herrschte gro\u00dfe Aufregung im Vereinsheim des TV Grebin, denn die kleinen und gro\u00dfen Judoka trafen sich erstmals zu einer sparteneigenen Rangliste, bei der die im Training erlernten Techniken auch einmal unter Wettkampfbedingungen ausprobiert werden konnten. Gleichzeitig bekamen dadurch alle Judoka die M\u00f6glichkeit, auch einmal die Mitglieder aus denWeiterlesen\" \/>\n<meta property=\"og:url\" content=\"https:\/\/www.tvgrebin.de\/index.php\/sportangebote\/judo\/aktuelles\/\" \/>\n<meta property=\"og:site_name\" content=\"TV Grebin\" \/>\n<meta property=\"article:modified_time\" content=\"2025-10-12T16:20:08+00:00\" \/>\n<meta property=\"og:image\" content=\"https:\/\/www.tvgrebin.de\/wp-content\/uploads\/2025\/10\/IMG-20251006-WA0077.jpg\" \/>\n\t<meta property=\"og:image:width\" content=\"1200\" \/>\n\t<meta property=\"og:image:height\" content=\"904\" \/>\n\t<meta property=\"og:image:type\" content=\"image\/jpeg\" \/>\n<meta name=\"twitter:card\" content=\"summary_large_image\" \/>\n<meta name=\"twitter:label1\" content=\"Gesch\u00e4tzte Lesezeit\" \/>\n\t<meta name=\"twitter:data1\" content=\"11\u00a0Minuten\" \/>\n<script type=\"application\/ld+json\" class=\"yoast-schema-graph\">{\"@context\":\"https:\\\/\\\/schema.org\",\"@graph\":[{\"@type\":\"WebPage\",\"@id\":\"https:\\\/\\\/www.tvgrebin.de\\\/index.php\\\/sportangebote\\\/judo\\\/aktuelles\\\/\",\"url\":\"https:\\\/\\\/www.tvgrebin.de\\\/index.php\\\/sportangebote\\\/judo\\\/aktuelles\\\/\",\"name\":\"Aktuelles - TV Grebin\",\"isPartOf\":{\"@id\":\"https:\\\/\\\/www.tvgrebin.de\\\/#website\"},\"primaryImageOfPage\":{\"@id\":\"https:\\\/\\\/www.tvgrebin.de\\\/index.php\\\/sportangebote\\\/judo\\\/aktuelles\\\/#primaryimage\"},\"image\":{\"@id\":\"https:\\\/\\\/www.tvgrebin.de\\\/index.php\\\/sportangebote\\\/judo\\\/aktuelles\\\/#primaryimage\"},\"thumbnailUrl\":\"https:\\\/\\\/www.tvgrebin.de\\\/wp-content\\\/uploads\\\/2025\\\/10\\\/IMG-20251006-WA0077-1024x771.jpg\",\"datePublished\":\"2025-01-31T17:23:11+00:00\",\"dateModified\":\"2025-10-12T16:20:08+00:00\",\"breadcrumb\":{\"@id\":\"https:\\\/\\\/www.tvgrebin.de\\\/index.php\\\/sportangebote\\\/judo\\\/aktuelles\\\/#breadcrumb\"},\"inLanguage\":\"de\",\"potentialAction\":[{\"@type\":\"ReadAction\",\"target\":[\"https:\\\/\\\/www.tvgrebin.de\\\/index.php\\\/sportangebote\\\/judo\\\/aktuelles\\\/\"]}]},{\"@type\":\"ImageObject\",\"inLanguage\":\"de\",\"@id\":\"https:\\\/\\\/www.tvgrebin.de\\\/index.php\\\/sportangebote\\\/judo\\\/aktuelles\\\/#primaryimage\",\"url\":\"https:\\\/\\\/www.tvgrebin.de\\\/wp-content\\\/uploads\\\/2025\\\/10\\\/IMG-20251006-WA0077.jpg\",\"contentUrl\":\"https:\\\/\\\/www.tvgrebin.de\\\/wp-content\\\/uploads\\\/2025\\\/10\\\/IMG-20251006-WA0077.jpg\",\"width\":1200,\"height\":904},{\"@type\":\"BreadcrumbList\",\"@id\":\"https:\\\/\\\/www.tvgrebin.de\\\/index.php\\\/sportangebote\\\/judo\\\/aktuelles\\\/#breadcrumb\",\"itemListElement\":[{\"@type\":\"ListItem\",\"position\":1,\"name\":\"Startseite\",\"item\":\"https:\\\/\\\/www.tvgrebin.de\\\/\"},{\"@type\":\"ListItem\",\"position\":2,\"name\":\"Sportangebote\",\"item\":\"https:\\\/\\\/www.tvgrebin.de\\\/index.php\\\/sportangebote\\\/\"},{\"@type\":\"ListItem\",\"position\":3,\"name\":\"Judo\",\"item\":\"https:\\\/\\\/www.tvgrebin.de\\\/index.php\\\/sportangebote\\\/judo\\\/\"},{\"@type\":\"ListItem\",\"position\":4,\"name\":\"Aktuelles\"}]},{\"@type\":\"WebSite\",\"@id\":\"https:\\\/\\\/www.tvgrebin.de\\\/#website\",\"url\":\"https:\\\/\\\/www.tvgrebin.de\\\/\",\"name\":\"TV Grebin\",\"description\":\"Turn- und Sportverein von 1927\",\"publisher\":{\"@id\":\"https:\\\/\\\/www.tvgrebin.de\\\/#organization\"},\"potentialAction\":[{\"@type\":\"SearchAction\",\"target\":{\"@type\":\"EntryPoint\",\"urlTemplate\":\"https:\\\/\\\/www.tvgrebin.de\\\/?s={search_term_string}\"},\"query-input\":{\"@type\":\"PropertyValueSpecification\",\"valueRequired\":true,\"valueName\":\"search_term_string\"}}],\"inLanguage\":\"de\"},{\"@type\":\"Organization\",\"@id\":\"https:\\\/\\\/www.tvgrebin.de\\\/#organization\",\"name\":\"TV Grebin\",\"url\":\"https:\\\/\\\/www.tvgrebin.de\\\/\",\"logo\":{\"@type\":\"ImageObject\",\"inLanguage\":\"de\",\"@id\":\"https:\\\/\\\/www.tvgrebin.de\\\/#\\\/schema\\\/logo\\\/image\\\/\",\"url\":\"\",\"contentUrl\":\"\",\"caption\":\"TV Grebin\"},\"image\":{\"@id\":\"https:\\\/\\\/www.tvgrebin.de\\\/#\\\/schema\\\/logo\\\/image\\\/\"}}]}<\/script>\n<!-- \/ Yoast SEO plugin. -->","yoast_head_json":{"title":"Aktuelles - TV Grebin","robots":{"index":"index","follow":"follow","max-snippet":"max-snippet:-1","max-image-preview":"max-image-preview:large","max-video-preview":"max-video-preview:-1"},"canonical":"https:\/\/www.tvgrebin.de\/index.php\/sportangebote\/judo\/aktuelles\/","og_locale":"de_DE","og_type":"article","og_title":"Aktuelles - TV Grebin","og_description":"1. Judorangliste am 26.09.2025 An diesem Freitag herrschte gro\u00dfe Aufregung im Vereinsheim des TV Grebin, denn die kleinen und gro\u00dfen Judoka trafen sich erstmals zu einer sparteneigenen Rangliste, bei der die im Training erlernten Techniken auch einmal unter Wettkampfbedingungen ausprobiert werden konnten. Gleichzeitig bekamen dadurch alle Judoka die M\u00f6glichkeit, auch einmal die Mitglieder aus denWeiterlesen","og_url":"https:\/\/www.tvgrebin.de\/index.php\/sportangebote\/judo\/aktuelles\/","og_site_name":"TV Grebin","article_modified_time":"2025-10-12T16:20:08+00:00","og_image":[{"width":1200,"height":904,"url":"https:\/\/www.tvgrebin.de\/wp-content\/uploads\/2025\/10\/IMG-20251006-WA0077.jpg","type":"image\/jpeg"}],"twitter_card":"summary_large_image","twitter_misc":{"Gesch\u00e4tzte Lesezeit":"11\u00a0Minuten"},"schema":{"@context":"https:\/\/schema.org","@graph":[{"@type":"WebPage","@id":"https:\/\/www.tvgrebin.de\/index.php\/sportangebote\/judo\/aktuelles\/","url":"https:\/\/www.tvgrebin.de\/index.php\/sportangebote\/judo\/aktuelles\/","name":"Aktuelles - TV Grebin","isPartOf":{"@id":"https:\/\/www.tvgrebin.de\/#website"},"primaryImageOfPage":{"@id":"https:\/\/www.tvgrebin.de\/index.php\/sportangebote\/judo\/aktuelles\/#primaryimage"},"image":{"@id":"https:\/\/www.tvgrebin.de\/index.php\/sportangebote\/judo\/aktuelles\/#primaryimage"},"thumbnailUrl":"https:\/\/www.tvgrebin.de\/wp-content\/uploads\/2025\/10\/IMG-20251006-WA0077-1024x771.jpg","datePublished":"2025-01-31T17:23:11+00:00","dateModified":"2025-10-12T16:20:08+00:00","breadcrumb":{"@id":"https:\/\/www.tvgrebin.de\/index.php\/sportangebote\/judo\/aktuelles\/#breadcrumb"},"inLanguage":"de","potentialAction":[{"@type":"ReadAction","target":["https:\/\/www.tvgrebin.de\/index.php\/sportangebote\/judo\/aktuelles\/"]}]},{"@type":"ImageObject","inLanguage":"de","@id":"https:\/\/www.tvgrebin.de\/index.php\/sportangebote\/judo\/aktuelles\/#primaryimage","url":"https:\/\/www.tvgrebin.de\/wp-content\/uploads\/2025\/10\/IMG-20251006-WA0077.jpg","contentUrl":"https:\/\/www.tvgrebin.de\/wp-content\/uploads\/2025\/10\/IMG-20251006-WA0077.jpg","width":1200,"height":904},{"@type":"BreadcrumbList","@id":"https:\/\/www.tvgrebin.de\/index.php\/sportangebote\/judo\/aktuelles\/#breadcrumb","itemListElement":[{"@type":"ListItem","position":1,"name":"Startseite","item":"https:\/\/www.tvgrebin.de\/"},{"@type":"ListItem","position":2,"name":"Sportangebote","item":"https:\/\/www.tvgrebin.de\/index.php\/sportangebote\/"},{"@type":"ListItem","position":3,"name":"Judo","item":"https:\/\/www.tvgrebin.de\/index.php\/sportangebote\/judo\/"},{"@type":"ListItem","position":4,"name":"Aktuelles"}]},{"@type":"WebSite","@id":"https:\/\/www.tvgrebin.de\/#website","url":"https:\/\/www.tvgrebin.de\/","name":"TV Grebin","description":"Turn- und Sportverein von 1927","publisher":{"@id":"https:\/\/www.tvgrebin.de\/#organization"},"potentialAction":[{"@type":"SearchAction","target":{"@type":"EntryPoint","urlTemplate":"https:\/\/www.tvgrebin.de\/?s={search_term_string}"},"query-input":{"@type":"PropertyValueSpecification","valueRequired":true,"valueName":"search_term_string"}}],"inLanguage":"de"},{"@type":"Organization","@id":"https:\/\/www.tvgrebin.de\/#organization","name":"TV Grebin","url":"https:\/\/www.tvgrebin.de\/","logo":{"@type":"ImageObject","inLanguage":"de","@id":"https:\/\/www.tvgrebin.de\/#\/schema\/logo\/image\/","url":"","contentUrl":"","caption":"TV Grebin"},"image":{"@id":"https:\/\/www.tvgrebin.de\/#\/schema\/logo\/image\/"}}]}},"_links":{"self":[{"href":"https:\/\/www.tvgrebin.de\/index.php\/wp-json\/wp\/v2\/pages\/1274","targetHints":{"allow":["GET"]}}],"collection":[{"href":"https:\/\/www.tvgrebin.de\/index.php\/wp-json\/wp\/v2\/pages"}],"about":[{"href":"https:\/\/www.tvgrebin.de\/index.php\/wp-json\/wp\/v2\/types\/page"}],"author":[{"embeddable":true,"href":"https:\/\/www.tvgrebin.de\/index.php\/wp-json\/wp\/v2\/users\/1"}],"replies":[{"embeddable":true,"href":"https:\/\/www.tvgrebin.de\/index.php\/wp-json\/wp\/v2\/comments?post=1274"}],"version-history":[{"count":17,"href":"https:\/\/www.tvgrebin.de\/index.php\/wp-json\/wp\/v2\/pages\/1274\/revisions"}],"predecessor-version":[{"id":1542,"href":"https:\/\/www.tvgrebin.de\/index.php\/wp-json\/wp\/v2\/pages\/1274\/revisions\/1542"}],"up":[{"embeddable":true,"href":"https:\/\/www.tvgrebin.de\/index.php\/wp-json\/wp\/v2\/pages\/1226"}],"wp:attachment":[{"href":"https:\/\/www.tvgrebin.de\/index.php\/wp-json\/wp\/v2\/media?parent=1274"}],"curies":[{"name":"wp","href":"https:\/\/api.w.org\/{rel}","templated":true}]}}